{"id":100777,"date":"2021-09-30T10:45:46","date_gmt":"2021-09-30T09:45:46","guid":{"rendered":"https:\/\/theinvisiblecollection.com\/?post_type=product&#038;p=100777"},"modified":"2026-05-01T07:39:09","modified_gmt":"2026-05-01T07:39:09","slug":"francesco-balzano-table-dappoint-cesar","status":"publish","type":"product","link":"https:\/\/theinvisiblecollection.com\/fr\/produit\/francesco-balzano-table-dappoint-cesar\/","title":{"rendered":"Table d&#8217;appoint Cesar"},"content":{"rendered":"<p class=\"p1\" style=\"text-align: justify;\">La collection Cesar est nourrie d&#8217;influences romaines et milanaises qui sont un hommage \u00e0 la sophistication de la Villa Necchi \u00e0 Milan. Les dessins des meubles sont inspir\u00e9s par l\u2019architecture urbaine em Italie, piazzas et piazzettas.<\/p>\n","protected":false},"excerpt":{"rendered":"<p>Table d&#8217;appoint en eucalyptus fum\u00e9 brillant<br \/>\nInsert en pierre de Lens<br \/>\nMat\u00e9riaux et dimensions sur-mesure sur demande<\/p>\n<p>L 50 x l 50 x H 52.5 cm<\/p>\n<p class=\"p1\">Fabriqu\u00e9e \u00e0 la main en France<br \/>\nD\u00e9lais de fabrication : 14 &#8211; 16 semaines<\/p>\n<p class=\"p2\"><span style=\"text-decoration: underline;\"><span class=\"s1\"><a href=\"https:\/\/www.theinvisiblecollection.com\/fr\/demande-de-devis\/?product_id=100777\" target=\"_blank\" rel=\"noopener\">Contactez-nous pour toute demande de devis ou de renseignements<\/a><\/span><\/span><\/p>\n","protected":false},"featured_media":112231,"template":"","meta":{"_acf_changed":false,"content-type":"","_themeisle_gutenberg_block_has_review":false},"product_brand":[],"product_cat":[12332,12503,12514],"product_tag":[14844,14845,31474,31477],"product_designer":[9965],"comfabric":[],"manufacturer":[16842],"reporting_designer":[37822],"samplecomfabric":[],"designer_clubroom":[],"class_list":{"0":"post-100777","1":"product","2":"type-product","3":"status-publish","4":"has-post-thumbnail","6":"product_cat-tables-dappoint","7":"product_cat-tables-fr","8":"product_cat-tables-de-chevet","9":"product_tag-hpsa-fr","10":"product_tag-hptm-fr","11":"product_tag-co-white-fr","12":"product_tag-st-curvy-fr","13":"product_designer-francesco-balzano-fr","14":"manufacturer-ateliers-saint-jacques-fonderie-de-coubertin-fr","15":"reporting_designer-francesco-balzano","17":"first","18":"instock","19":"taxable","20":"shipping-taxable","21":"purchasable","22":"product-type-simple"},"acf":[],"_links":{"self":[{"href":"https:\/\/theinvisiblecollection.com\/fr\/wp-json\/wp\/v2\/product\/100777","targetHints":{"allow":["GET"]}}],"collection":[{"href":"https:\/\/theinvisiblecollection.com\/fr\/wp-json\/wp\/v2\/product"}],"about":[{"href":"https:\/\/theinvisiblecollection.com\/fr\/wp-json\/wp\/v2\/types\/product"}],"wp:featuredmedia":[{"embeddable":true,"href":"https:\/\/theinvisiblecollection.com\/fr\/wp-json\/wp\/v2\/media\/112231"}],"wp:attachment":[{"href":"https:\/\/theinvisiblecollection.com\/fr\/wp-json\/wp\/v2\/media?parent=100777"}],"wp:term":[{"taxonomy":"product_brand","embeddable":true,"href":"https:\/\/theinvisiblecollection.com\/fr\/wp-json\/wp\/v2\/product_brand?post=100777"},{"taxonomy":"product_cat","embeddable":true,"href":"https:\/\/theinvisiblecollection.com\/fr\/wp-json\/wp\/v2\/product_cat?post=100777"},{"taxonomy":"product_tag","embeddable":true,"href":"https:\/\/theinvisiblecollection.com\/fr\/wp-json\/wp\/v2\/product_tag?post=100777"},{"taxonomy":"product_designer","embeddable":true,"href":"https:\/\/theinvisiblecollection.com\/fr\/wp-json\/wp\/v2\/product_designer?post=100777"},{"taxonomy":"comfabric","embeddable":true,"href":"https:\/\/theinvisiblecollection.com\/fr\/wp-json\/wp\/v2\/comfabric?post=100777"},{"taxonomy":"manufacturer","embeddable":true,"href":"https:\/\/theinvisiblecollection.com\/fr\/wp-json\/wp\/v2\/manufacturer?post=100777"},{"taxonomy":"reporting_designer","embeddable":true,"href":"https:\/\/theinvisiblecollection.com\/fr\/wp-json\/wp\/v2\/reporting_designer?post=100777"},{"taxonomy":"samplecomfabric","embeddable":true,"href":"https:\/\/theinvisiblecollection.com\/fr\/wp-json\/wp\/v2\/samplecomfabric?post=100777"},{"taxonomy":"clubroom_product_designer","embeddable":true,"href":"https:\/\/theinvisiblecollection.com\/fr\/wp-json\/wp\/v2\/designer_clubroom?post=100777"}],"curies":[{"name":"wp","href":"https:\/\/api.w.org\/{rel}","templated":true}]}}