{"id":105580,"date":"2024-09-10T00:00:00","date_gmt":"2024-09-10T00:00:00","guid":{"rendered":"https:\/\/theinvisiblecollection.com\/?post_type=product&#038;p=105580"},"modified":"2026-05-01T07:39:07","modified_gmt":"2026-05-01T07:39:07","slug":"atelier-fevrier-tapis-equilibre-vert","status":"publish","type":"product","link":"https:\/\/theinvisiblecollection.com\/fr\/produit\/atelier-fevrier-tapis-equilibre-vert\/","title":{"rendered":"Tapis \u00c9quilibre Magnified Vert"},"content":{"rendered":"","protected":false},"excerpt":{"rendered":"<p>Tapis nou\u00e9 main<br \/>\n10% laine de l\u2019Himalaya, 90% soie<br \/>\n\u00c9galement disponible en 90% laine de l\u2019Himalaya, 10% soie<br \/>\n200 000 noeuds par m\u00e8tre carr\u00e9<br \/>\n\u00c9galement disponible en <a href=\"https:\/\/theinvisiblecollection.com\/fr\/produit\/atelier-fevrier-tapis-equilibre-orange\/\" target=\"_blank\" rel=\"noopener\"><span style=\"text-decoration: underline;\">Orange<\/span><\/a> et <a href=\"https:\/\/theinvisiblecollection.com\/fr\/product\/atelier-fevrier-tapis-equilibre-1\/\" target=\"_blank\" rel=\"noopener\"><span style=\"text-decoration: underline;\">Blanc et Bleu<\/span><\/a><br \/>\nCouleurs et dimensions sur-mesure sur demande<br \/>\nChaque motif peut \u00eatre redessin\u00e9 sur-mesure, voir la version verte<\/p>\n<div class=\"c-scrollbar__track\" role=\"presentation\"><\/div>\n<p class=\"p1\">Photographi\u00e9 ici :<br \/>\n240 x 290 cm<\/p>\n<p>Nou\u00e9 \u00e0 la main au N\u00e9pal<br \/>\nD\u00e9lais de fabrication : 12 &#8211; 16 semaines<\/p>\n<p><span style=\"text-decoration: underline;\"><a href=\"https:\/\/www.theinvisiblecollection.com\/fr\/demande-de-devis\/?product_id=105580\" target=\"_blank\" rel=\"noopener\">Contactez-nous pour toute demande de devis ou d\u2019\u00e9chantillons<\/a><\/span><\/p>\n","protected":false},"featured_media":5846677,"template":"","meta":{"_acf_changed":false,"content-type":"","_themeisle_gutenberg_block_has_review":false},"product_brand":[],"product_cat":[8183,12540],"product_tag":[14925,31474],"product_designer":[8893],"comfabric":[],"manufacturer":[],"reporting_designer":[37178],"samplecomfabric":[],"designer_clubroom":[],"class_list":{"0":"post-105580","1":"product","2":"type-product","3":"status-publish","4":"has-post-thumbnail","6":"product_cat-tapis-noues-a-la-main","7":"product_cat-tapis-fr","8":"product_tag-hpfav-fr","9":"product_tag-co-white-fr","10":"pa_size-dimensions-sur-mesure-fr","11":"pa_size-l-280-x-l-100-x-h-80-fr","12":"pa_size-petit","13":"product_designer-atelier-fevrier-fr","14":"reporting_designer-atelier-fevrier","16":"first","17":"instock","18":"taxable","19":"shipping-taxable","20":"product-type-variable"},"acf":[],"_links":{"self":[{"href":"https:\/\/theinvisiblecollection.com\/fr\/wp-json\/wp\/v2\/product\/105580","targetHints":{"allow":["GET"]}}],"collection":[{"href":"https:\/\/theinvisiblecollection.com\/fr\/wp-json\/wp\/v2\/product"}],"about":[{"href":"https:\/\/theinvisiblecollection.com\/fr\/wp-json\/wp\/v2\/types\/product"}],"wp:featuredmedia":[{"embeddable":true,"href":"https:\/\/theinvisiblecollection.com\/fr\/wp-json\/wp\/v2\/media\/5846677"}],"wp:attachment":[{"href":"https:\/\/theinvisiblecollection.com\/fr\/wp-json\/wp\/v2\/media?parent=105580"}],"wp:term":[{"taxonomy":"product_brand","embeddable":true,"href":"https:\/\/theinvisiblecollection.com\/fr\/wp-json\/wp\/v2\/product_brand?post=105580"},{"taxonomy":"product_cat","embeddable":true,"href":"https:\/\/theinvisiblecollection.com\/fr\/wp-json\/wp\/v2\/product_cat?post=105580"},{"taxonomy":"product_tag","embeddable":true,"href":"https:\/\/theinvisiblecollection.com\/fr\/wp-json\/wp\/v2\/product_tag?post=105580"},{"taxonomy":"product_designer","embeddable":true,"href":"https:\/\/theinvisiblecollection.com\/fr\/wp-json\/wp\/v2\/product_designer?post=105580"},{"taxonomy":"comfabric","embeddable":true,"href":"https:\/\/theinvisiblecollection.com\/fr\/wp-json\/wp\/v2\/comfabric?post=105580"},{"taxonomy":"manufacturer","embeddable":true,"href":"https:\/\/theinvisiblecollection.com\/fr\/wp-json\/wp\/v2\/manufacturer?post=105580"},{"taxonomy":"reporting_designer","embeddable":true,"href":"https:\/\/theinvisiblecollection.com\/fr\/wp-json\/wp\/v2\/reporting_designer?post=105580"},{"taxonomy":"samplecomfabric","embeddable":true,"href":"https:\/\/theinvisiblecollection.com\/fr\/wp-json\/wp\/v2\/samplecomfabric?post=105580"},{"taxonomy":"clubroom_product_designer","embeddable":true,"href":"https:\/\/theinvisiblecollection.com\/fr\/wp-json\/wp\/v2\/designer_clubroom?post=105580"}],"curies":[{"name":"wp","href":"https:\/\/api.w.org\/{rel}","templated":true}]}}