{"id":108634,"date":"2024-09-10T00:00:00","date_gmt":"2024-09-10T00:00:00","guid":{"rendered":"https:\/\/theinvisiblecollection.com\/?post_type=product&#038;p=108634"},"modified":"2026-05-01T07:39:07","modified_gmt":"2026-05-01T07:39:07","slug":"atelier-fevrier-tapis-elisse-vert","status":"publish","type":"product","link":"https:\/\/theinvisiblecollection.com\/fr\/produit\/atelier-fevrier-tapis-elisse-vert\/","title":{"rendered":"Tapis Elisse Vert"},"content":{"rendered":"<p style=\"text-align: justify;\">Atelier F\u00e9vrier, le duo d\u00e9di\u00e9 \u00e0 la cr\u00e9ation de tapis fais main et uniques, pr\u00e9sente sa nouvelle collection.\u00a0Si la premi\u00e8re faisait la part belle aux s\u00e9ries de dessins r\u00e9alis\u00e9s par Florian Pretet au fil des ans et couch\u00e9s sur les feuilles de son Moleskine, la deuxi\u00e8me puise son inspiration dans les \u00e9l\u00e9ments c\u00e9lestes. Fruit d&#8217;une collaboration entre Florian Pretet et Lisa Mukhia Pretet, Atelier F\u00e9vrier continue d\u2019explorer les moyens d\u2019expression du design graphique de Florian. Les aplats de formes comme pos\u00e9s sur les tapis semblent parfaits, avec autant d\u2019\u00e9toiles et autres motifs astronomiques.<\/p>\n<p style=\"text-align: justify;\">Nou\u00e9es \u00e0 la main dans les hauteurs de l\u2019Himalaya, toutes les pi\u00e8ces sont \u2018eco-friendly\u2019 et travaill\u00e9es dans le respect de techniques \u2018vernaculaires\u2019 transmises de g\u00e9n\u00e9ration en g\u00e9n\u00e9ration. Vos sols prendront donc un peu de hauteur&#8230; Florian Pretet encouragent les futurs possesseurs de ses tapis \u00e0 s\u2019impliquer \u00e0 ses c\u00f4t\u00e9s dans son design, faisant de ceux-ci des pi\u00e8ces d\u2019autant plus uniques.<\/p>\n","protected":false},"excerpt":{"rendered":"<p>50% laine d\u2019Himalaya, 50% soie<br \/>\n155 000 noeuds par m\u00e8tre carr\u00e9<br \/>\nCouleurs et dimensions sur-mesure sur demande<\/p>\n<p>300 x 300 cm<\/p>\n<p>Nou\u00e9 \u00e0 la main au N\u00e9pal<br \/>\nD\u00e9lais de fabrication : 12 &#8211; 16 semaines<\/p>\n<p><span style=\"text-decoration: underline;\"><a href=\"https:\/\/www.theinvisiblecollection.com\/fr\/demande-de-devis\/?product_id=108634\">Contactez-nous pour toute demande de devis ou d&#8217;\u00e9chantillons<\/a><\/span><\/p>\n","protected":false},"featured_media":1338847,"template":"","meta":{"_acf_changed":false,"content-type":"","_themeisle_gutenberg_block_has_review":false},"product_brand":[],"product_cat":[8183,12540],"product_tag":[9113,9114,11334,31477],"product_designer":[8893],"comfabric":[],"manufacturer":[],"reporting_designer":[37178],"samplecomfabric":[],"designer_clubroom":[],"class_list":{"0":"post-108634","1":"product","2":"type-product","3":"status-publish","4":"has-post-thumbnail","6":"product_cat-tapis-noues-a-la-main","7":"product_cat-tapis-fr","8":"product_tag-noue-main","9":"product_tag-noue","10":"product_tag-eco-friendly-fr","11":"product_tag-st-curvy-fr","12":"pa_color-beige-fr","13":"pa_color-bleu-fr","14":"pa_color-couleurs-personalisees","15":"pa_color-jaune-et-brun","16":"pa_color-rouge-fr","17":"pa_color-vert-fr","18":"pa_size-dimensions-sur-mesure-fr","19":"pa_size-grand-fr","20":"pa_size-moyen","21":"pa_size-petit-fr","22":"product_designer-atelier-fevrier-fr","23":"reporting_designer-atelier-fevrier","25":"first","26":"instock","27":"taxable","28":"shipping-taxable","29":"product-type-variable"},"acf":[],"_links":{"self":[{"href":"https:\/\/theinvisiblecollection.com\/fr\/wp-json\/wp\/v2\/product\/108634","targetHints":{"allow":["GET"]}}],"collection":[{"href":"https:\/\/theinvisiblecollection.com\/fr\/wp-json\/wp\/v2\/product"}],"about":[{"href":"https:\/\/theinvisiblecollection.com\/fr\/wp-json\/wp\/v2\/types\/product"}],"wp:featuredmedia":[{"embeddable":true,"href":"https:\/\/theinvisiblecollection.com\/fr\/wp-json\/wp\/v2\/media\/1338847"}],"wp:attachment":[{"href":"https:\/\/theinvisiblecollection.com\/fr\/wp-json\/wp\/v2\/media?parent=108634"}],"wp:term":[{"taxonomy":"product_brand","embeddable":true,"href":"https:\/\/theinvisiblecollection.com\/fr\/wp-json\/wp\/v2\/product_brand?post=108634"},{"taxonomy":"product_cat","embeddable":true,"href":"https:\/\/theinvisiblecollection.com\/fr\/wp-json\/wp\/v2\/product_cat?post=108634"},{"taxonomy":"product_tag","embeddable":true,"href":"https:\/\/theinvisiblecollection.com\/fr\/wp-json\/wp\/v2\/product_tag?post=108634"},{"taxonomy":"product_designer","embeddable":true,"href":"https:\/\/theinvisiblecollection.com\/fr\/wp-json\/wp\/v2\/product_designer?post=108634"},{"taxonomy":"comfabric","embeddable":true,"href":"https:\/\/theinvisiblecollection.com\/fr\/wp-json\/wp\/v2\/comfabric?post=108634"},{"taxonomy":"manufacturer","embeddable":true,"href":"https:\/\/theinvisiblecollection.com\/fr\/wp-json\/wp\/v2\/manufacturer?post=108634"},{"taxonomy":"reporting_designer","embeddable":true,"href":"https:\/\/theinvisiblecollection.com\/fr\/wp-json\/wp\/v2\/reporting_designer?post=108634"},{"taxonomy":"samplecomfabric","embeddable":true,"href":"https:\/\/theinvisiblecollection.com\/fr\/wp-json\/wp\/v2\/samplecomfabric?post=108634"},{"taxonomy":"clubroom_product_designer","embeddable":true,"href":"https:\/\/theinvisiblecollection.com\/fr\/wp-json\/wp\/v2\/designer_clubroom?post=108634"}],"curies":[{"name":"wp","href":"https:\/\/api.w.org\/{rel}","templated":true}]}}