{"id":1210163,"date":"2022-12-14T18:31:03","date_gmt":"2022-12-14T17:31:03","guid":{"rendered":"https:\/\/theinvisiblecollection.com\/?post_type=product&#038;p=1210163"},"modified":"2026-05-01T07:38:27","modified_gmt":"2026-05-01T07:38:27","slug":"mobilier-national-alexandre-de-rouvray-secretaire-vaneau","status":"publish","type":"product","link":"https:\/\/theinvisiblecollection.com\/fr\/produit\/mobilier-national-alexandre-de-rouvray-secretaire-vaneau\/","title":{"rendered":"Secr\u00e9taire Vaneau"},"content":{"rendered":"<p style=\"text-align: justify\" data-mce-style=\"text-align: justify;\">Le Secr\u00e9taire Vaneau par Alexandre de Rouvray allie l\u00e9g\u00e8ret\u00e9 et \u00e9l\u00e9gance avec ses minces pieds en acier, ses plateaux en verre teint\u00e9 et ses tiroirs plaqu\u00e9s de ch\u00eane. Sa ligne tr\u00e8s \u00e9pur\u00e9e, sans vis ni quincaillerie, met en valeur la finesse des mati\u00e8res et finitions.<\/p>\n<p>Cr\u00e9dit photos : Th\u00e9o Baulig<\/p>\n","protected":false},"excerpt":{"rendered":"<p><p>Design par Alexandre de Rouvray<br \/>Cr\u00e9ation int\u00e9gr\u00e9e au sein des collections du Mobilier national<br \/>\u00c9dition limit\u00e9e \u00e0 8 pi\u00e8ces<br \/>Plateau de table en verre tremp\u00e9 teint\u00e9 gris<br \/>Tiroirs en contreplaqu\u00e9 plaqu\u00e9 h\u00eatre et ch\u00eane crowne cut<br \/>Base en acier avec rev\u00eatement en poudre noir mat<\/p>\n<\/p>\n<p>L 100 x l 55 x H 84 cm<\/p>\n<p>Fabriqu\u00e9 \u00e0 la main en Europe<br \/>\nD\u00e9lais de fabrication : 8 semaines<\/p>\n<p class=\"p1\"><span style=\"text-decoration: underline;\"><span class=\"s1\"><a href=\"https:\/\/www.theinvisiblecollection.com\/fr\/demande-de-devis\/?product_id=1867023\">Contactez-nous pour toute demande de devis ou de renseignements<\/a><\/span><\/span><\/p><\/p>\n","protected":false},"featured_media":1210134,"template":"","meta":{"_acf_changed":false,"content-type":"","_themeisle_gutenberg_block_has_review":false},"product_brand":[],"product_cat":[7704,12503],"product_tag":[20434,33319],"product_designer":[20276,20441],"comfabric":[],"manufacturer":[20274],"reporting_designer":[37479],"samplecomfabric":[],"designer_clubroom":[],"class_list":{"0":"post-1210163","1":"product","2":"type-product","3":"status-publish","4":"has-post-thumbnail","6":"product_cat-bureaux-fr","7":"product_cat-tables-fr","8":"product_tag-mobilier-national-fr","9":"product_tag-edition-limitee","10":"product_designer-alexandre-de-rouvray-fr","11":"product_designer-mobilier-national-fr","12":"manufacturer-alex-de-rouvray-fr","13":"reporting_designer-mobilier-national","15":"first","16":"instock","17":"taxable","18":"shipping-taxable","19":"purchasable","20":"product-type-simple"},"acf":[],"_links":{"self":[{"href":"https:\/\/theinvisiblecollection.com\/fr\/wp-json\/wp\/v2\/product\/1210163","targetHints":{"allow":["GET"]}}],"collection":[{"href":"https:\/\/theinvisiblecollection.com\/fr\/wp-json\/wp\/v2\/product"}],"about":[{"href":"https:\/\/theinvisiblecollection.com\/fr\/wp-json\/wp\/v2\/types\/product"}],"wp:featuredmedia":[{"embeddable":true,"href":"https:\/\/theinvisiblecollection.com\/fr\/wp-json\/wp\/v2\/media\/1210134"}],"wp:attachment":[{"href":"https:\/\/theinvisiblecollection.com\/fr\/wp-json\/wp\/v2\/media?parent=1210163"}],"wp:term":[{"taxonomy":"product_brand","embeddable":true,"href":"https:\/\/theinvisiblecollection.com\/fr\/wp-json\/wp\/v2\/product_brand?post=1210163"},{"taxonomy":"product_cat","embeddable":true,"href":"https:\/\/theinvisiblecollection.com\/fr\/wp-json\/wp\/v2\/product_cat?post=1210163"},{"taxonomy":"product_tag","embeddable":true,"href":"https:\/\/theinvisiblecollection.com\/fr\/wp-json\/wp\/v2\/product_tag?post=1210163"},{"taxonomy":"product_designer","embeddable":true,"href":"https:\/\/theinvisiblecollection.com\/fr\/wp-json\/wp\/v2\/product_designer?post=1210163"},{"taxonomy":"comfabric","embeddable":true,"href":"https:\/\/theinvisiblecollection.com\/fr\/wp-json\/wp\/v2\/comfabric?post=1210163"},{"taxonomy":"manufacturer","embeddable":true,"href":"https:\/\/theinvisiblecollection.com\/fr\/wp-json\/wp\/v2\/manufacturer?post=1210163"},{"taxonomy":"reporting_designer","embeddable":true,"href":"https:\/\/theinvisiblecollection.com\/fr\/wp-json\/wp\/v2\/reporting_designer?post=1210163"},{"taxonomy":"samplecomfabric","embeddable":true,"href":"https:\/\/theinvisiblecollection.com\/fr\/wp-json\/wp\/v2\/samplecomfabric?post=1210163"},{"taxonomy":"clubroom_product_designer","embeddable":true,"href":"https:\/\/theinvisiblecollection.com\/fr\/wp-json\/wp\/v2\/designer_clubroom?post=1210163"}],"curies":[{"name":"wp","href":"https:\/\/api.w.org\/{rel}","templated":true}]}}