{"id":1272465,"date":"2023-01-19T11:53:56","date_gmt":"2023-01-19T10:53:56","guid":{"rendered":"https:\/\/theinvisiblecollection.com\/?post_type=product&#038;p=1272465"},"modified":"2026-05-01T07:38:24","modified_gmt":"2026-05-01T07:38:24","slug":"mobilier-national-diane-de-kergal-lampadaire-emergence-2","status":"publish","type":"product","link":"https:\/\/theinvisiblecollection.com\/fr\/produit\/mobilier-national-diane-de-kergal-lampadaire-emergence-2\/","title":{"rendered":"Lampadaire Emergence 2"},"content":{"rendered":"<p style=\"text-align: justify;\">Le Lampadaire Emergence 2 a \u00e9t\u00e9 dessin\u00e9 par Diane de Kergal pour Galerie Gosserez. Anim\u00e9e par ses voyages, Diane de Kergal dessine inlassablement des cocons&#8230; pour d\u00e9couvrir dans les C\u00e9vennes un \u00e9levage de vers \u00e0 soie virtuoses en la mati\u00e8re ! Elle leur confie ses moulages, pour qu\u2019ils tissent au plus pr\u00e8s de ses sculptures leurs cocons de soie. Une fois assembl\u00e9s sur une \u00e9l\u00e9gante branche de bois, il ne lui reste alors qu\u2019\u00e0 les inonder de lumi\u00e8re.<br \/>\nUn dialogue est n\u00e9 entre une femme et la nature.<\/p>\n<p>Cr\u00e9dit photos : Ludovic Maisant<\/p>\n","protected":false},"excerpt":{"rendered":"<p>Diane de Kergal x Galerie Gosserez<br \/>\nCr\u00e9ation int\u00e9gr\u00e9e au sein des collections du Mobilier national<br \/>\nSculpture lumineuse compos\u00e9 de cocons de soie g\u00e9ants naturels<br \/>\nStructure en tilleul et m\u00e9tal noir<br \/>\nLED 25W, dimmable<br \/>\n\u00c9lectrification adapt\u00e9e \u00e0 l&#8217;Europe<br \/>\nChaque pi\u00e8ce est unique, les formes et les couleurs varient l\u00e9g\u00e8rement en raison du travail artisanal<\/p>\n<p>L 83 x l 22 x H 197 cm<\/p>\n<p>Fabriqu\u00e9 \u00e0 la main en France<br \/>\nD\u00e9lais de fabrication : 22 &#8211; 24 semaines<\/p>\n<p class=\"p1\"><span style=\"text-decoration: underline;\"><span class=\"s1\"><a href=\"https:\/\/www.theinvisiblecollection.com\/fr\/demande-de-devis\/?product_id=1272465\">Contactez-nous pour toute demande de devis ou de renseignements<\/a><\/span><\/span><\/p>\n","protected":false},"featured_media":1272027,"template":"","meta":{"_acf_changed":false,"content-type":"","_themeisle_gutenberg_block_has_review":false},"product_brand":[],"product_cat":[8966,12507],"product_tag":[14925,20434,31474,31476,31477],"product_designer":[20309,20441,20445],"comfabric":[],"manufacturer":[20395],"reporting_designer":[37479],"samplecomfabric":[],"designer_clubroom":[],"class_list":{"0":"post-1272465","1":"product","2":"type-product","3":"status-publish","4":"has-post-thumbnail","6":"product_cat-lampes-sur-pied","7":"product_cat-luminaires","8":"product_tag-hpfav-fr","9":"product_tag-mobilier-national-fr","10":"product_tag-co-white-fr","11":"product_tag-st-collectible-fr","12":"product_tag-st-curvy-fr","13":"product_designer-galerie-gosserez-fr","14":"product_designer-mobilier-national-fr","15":"product_designer-diane-de-kergal-fr","16":"manufacturer-galerie-gosserez-atelier-fr","17":"reporting_designer-mobilier-national","19":"first","20":"instock","21":"taxable","22":"shipping-taxable","23":"product-type-simple"},"acf":[],"_links":{"self":[{"href":"https:\/\/theinvisiblecollection.com\/fr\/wp-json\/wp\/v2\/product\/1272465","targetHints":{"allow":["GET"]}}],"collection":[{"href":"https:\/\/theinvisiblecollection.com\/fr\/wp-json\/wp\/v2\/product"}],"about":[{"href":"https:\/\/theinvisiblecollection.com\/fr\/wp-json\/wp\/v2\/types\/product"}],"wp:featuredmedia":[{"embeddable":true,"href":"https:\/\/theinvisiblecollection.com\/fr\/wp-json\/wp\/v2\/media\/1272027"}],"wp:attachment":[{"href":"https:\/\/theinvisiblecollection.com\/fr\/wp-json\/wp\/v2\/media?parent=1272465"}],"wp:term":[{"taxonomy":"product_brand","embeddable":true,"href":"https:\/\/theinvisiblecollection.com\/fr\/wp-json\/wp\/v2\/product_brand?post=1272465"},{"taxonomy":"product_cat","embeddable":true,"href":"https:\/\/theinvisiblecollection.com\/fr\/wp-json\/wp\/v2\/product_cat?post=1272465"},{"taxonomy":"product_tag","embeddable":true,"href":"https:\/\/theinvisiblecollection.com\/fr\/wp-json\/wp\/v2\/product_tag?post=1272465"},{"taxonomy":"product_designer","embeddable":true,"href":"https:\/\/theinvisiblecollection.com\/fr\/wp-json\/wp\/v2\/product_designer?post=1272465"},{"taxonomy":"comfabric","embeddable":true,"href":"https:\/\/theinvisiblecollection.com\/fr\/wp-json\/wp\/v2\/comfabric?post=1272465"},{"taxonomy":"manufacturer","embeddable":true,"href":"https:\/\/theinvisiblecollection.com\/fr\/wp-json\/wp\/v2\/manufacturer?post=1272465"},{"taxonomy":"reporting_designer","embeddable":true,"href":"https:\/\/theinvisiblecollection.com\/fr\/wp-json\/wp\/v2\/reporting_designer?post=1272465"},{"taxonomy":"samplecomfabric","embeddable":true,"href":"https:\/\/theinvisiblecollection.com\/fr\/wp-json\/wp\/v2\/samplecomfabric?post=1272465"},{"taxonomy":"clubroom_product_designer","embeddable":true,"href":"https:\/\/theinvisiblecollection.com\/fr\/wp-json\/wp\/v2\/designer_clubroom?post=1272465"}],"curies":[{"name":"wp","href":"https:\/\/api.w.org\/{rel}","templated":true}]}}