{"id":128565,"date":"2022-04-15T13:20:25","date_gmt":"2022-04-15T12:20:25","guid":{"rendered":"https:\/\/theinvisiblecollection.com\/?post_type=product&#038;p=128565"},"modified":"2026-05-01T07:38:57","modified_gmt":"2026-05-01T07:38:57","slug":"hugo-drubay-miroir-rocaille-or-bleu-abysse","status":"publish","type":"product","link":"https:\/\/theinvisiblecollection.com\/fr\/produit\/hugo-drubay-miroir-rocaille-or-bleu-abysse\/","title":{"rendered":"Miroir Rocaille Or &#038; Bleu Abysse"},"content":{"rendered":"<p style=\"text-align: justify;\"><span data-contrast=\"auto\">La collection de miroir rocaille d\u2019Hugo Drubay est une r\u00e9interpr\u00e9tation des glyphes vermicul\u00e9s, ce motif ornemental compos\u00e9 de fines sinuosit\u00e9s que l\u2019on aper\u00e7oit sur les fa\u00e7ades de pierre en bossage. Hormis cette r\u00e9f\u00e9rence architecturale, il s\u2019agit d\u2019une repr\u00e9sentation artificielle par la sculpture d\u2019\u00e9l\u00e9ments vivants tels que les coraux, les \u00e9corces d\u2019arbre ou bien encore les reflets des ondulations sur l\u2019eau.<\/span><span data-ccp-props=\"{&quot;201341983&quot;:0,&quot;335559740&quot;:259}\">\u00a0<\/span><span data-contrast=\"auto\">Ils sont encadr\u00e9s par des bordures en c\u00e9ramiques r\u00e9alis\u00e9es par l\u2019artiste \u00e0 l\u2019aide de techniques artisanales ou de pointe. Con\u00e7ues par ordinateur gr\u00e2ce \u00e0 des logiciels param\u00e9triques ou de sculpture num\u00e9rique, elles sont ensuite imprim\u00e9es en 3D pour la conception de moules en pl\u00e2tre permettant des tirages en terre. Apr\u00e8s la cuisson et la pose sur un ch\u00e2ssis, elles sont prot\u00e9g\u00e9es par un pourtour en bois recouvert de feuilles d\u2019or non brunies. Le format peut \u00eatre adapt\u00e9.<\/span><span data-ccp-props=\"{&quot;201341983&quot;:0,&quot;335559740&quot;:259}\">\u00a0<\/span><\/p>\n","protected":false},"excerpt":{"rendered":"<p>Miroir or<br \/>\nEncadrement en ch\u00eane surmont\u00e9 d&#8217;une bordure en c\u00e9ramique bleu abysse<br \/>\nPourtour recouverte de feuille d&#8217;or jaune<br \/>\nDorure r\u00e9alis\u00e9e \u00e0 la d\u00e9trempe<br \/>\n<span style=\"text-decoration: underline;\"><a href=\"https:\/\/theinvisiblecollection.com\/wp-content\/uploads\/2023\/02\/InvisibleCollection_HugoDrubay_RocailleCollection_FinishSelection.pdf\" target=\"_blank\" rel=\"noopener\">D\u00e9couvrez la s\u00e9lection des cadres ici<\/a><\/span><br \/>\n<span style=\"text-decoration: underline;\"><a href=\"https:\/\/theinvisiblecollection.com\/wp-content\/uploads\/2023\/02\/InvisibleCollection_HugoDrubay_RocailleCollection_GlassColourSelection.pdf\" target=\"_blank\" rel=\"noopener\">D\u00e9couvrez la s\u00e9lection des couleurs de miroir ici<\/a><\/span><br \/>\nConvient \u00e0 une utilisation en salle de bain<br \/>\nDimensions et couleurs sur-mesure sur demande<\/p>\n<p>L 95 x l 7 x H 72 cm<\/p>\n<p class=\"p1\">Fabriqu\u00e9 \u00e0 la main en France<br \/>\nD\u00e9lais de fabrication : 8 semaines<\/p>\n<p class=\"p2\"><span style=\"text-decoration: underline;\"><span class=\"s1\"><a href=\"https:\/\/www.theinvisiblecollection.com\/demande-de-devis\/?product_id=608293\" target=\"_blank\" rel=\"noopener\">Contactez-nous pour toute demande de devis ou de renseignements<\/a><\/span><\/span><\/p>\n","protected":false},"featured_media":126632,"template":"","meta":{"_acf_changed":false,"content-type":"","_themeisle_gutenberg_block_has_review":false},"product_brand":[],"product_cat":[7517,8225],"product_tag":[31477,35206,22790,31475,31476],"product_designer":[16972],"comfabric":[],"manufacturer":[34016],"reporting_designer":[37289],"samplecomfabric":[],"designer_clubroom":[],"class_list":{"0":"post-128565","1":"product","2":"type-product","3":"status-publish","4":"has-post-thumbnail","6":"product_cat-deco-fr","7":"product_cat-miroirs-fr","8":"product_tag-st-curvy-fr","9":"product_tag-exclusive-fr","10":"product_tag-disponible-immediatement","11":"product_tag-st-ceramic-fr","12":"product_tag-st-collectible-fr","13":"pa_size-carre-fr","14":"pa_size-l-107-x-l-7-x-h-60-cm-fr","15":"pa_size-l-95-x-l-7-x-h-72-cm","16":"pa_size-l-96-x-l-7-x-h-61-cm","17":"pa_size-l-107-5-x-l-7-x-h-72-5-cm","18":"product_designer-hugo-drubay-fr","19":"manufacturer-hugo-drubay-atelier-perucca-peronino-fr","20":"reporting_designer-hugo-drubay","21":"exhibitions-paris-fr","22":"exhibitions-new-york-fr","24":"first","25":"instock","26":"taxable","27":"shipping-taxable","28":"purchasable","29":"product-type-variable"},"acf":[],"_links":{"self":[{"href":"https:\/\/theinvisiblecollection.com\/fr\/wp-json\/wp\/v2\/product\/128565","targetHints":{"allow":["GET"]}}],"collection":[{"href":"https:\/\/theinvisiblecollection.com\/fr\/wp-json\/wp\/v2\/product"}],"about":[{"href":"https:\/\/theinvisiblecollection.com\/fr\/wp-json\/wp\/v2\/types\/product"}],"wp:featuredmedia":[{"embeddable":true,"href":"https:\/\/theinvisiblecollection.com\/fr\/wp-json\/wp\/v2\/media\/126632"}],"wp:attachment":[{"href":"https:\/\/theinvisiblecollection.com\/fr\/wp-json\/wp\/v2\/media?parent=128565"}],"wp:term":[{"taxonomy":"product_brand","embeddable":true,"href":"https:\/\/theinvisiblecollection.com\/fr\/wp-json\/wp\/v2\/product_brand?post=128565"},{"taxonomy":"product_cat","embeddable":true,"href":"https:\/\/theinvisiblecollection.com\/fr\/wp-json\/wp\/v2\/product_cat?post=128565"},{"taxonomy":"product_tag","embeddable":true,"href":"https:\/\/theinvisiblecollection.com\/fr\/wp-json\/wp\/v2\/product_tag?post=128565"},{"taxonomy":"product_designer","embeddable":true,"href":"https:\/\/theinvisiblecollection.com\/fr\/wp-json\/wp\/v2\/product_designer?post=128565"},{"taxonomy":"comfabric","embeddable":true,"href":"https:\/\/theinvisiblecollection.com\/fr\/wp-json\/wp\/v2\/comfabric?post=128565"},{"taxonomy":"manufacturer","embeddable":true,"href":"https:\/\/theinvisiblecollection.com\/fr\/wp-json\/wp\/v2\/manufacturer?post=128565"},{"taxonomy":"reporting_designer","embeddable":true,"href":"https:\/\/theinvisiblecollection.com\/fr\/wp-json\/wp\/v2\/reporting_designer?post=128565"},{"taxonomy":"samplecomfabric","embeddable":true,"href":"https:\/\/theinvisiblecollection.com\/fr\/wp-json\/wp\/v2\/samplecomfabric?post=128565"},{"taxonomy":"clubroom_product_designer","embeddable":true,"href":"https:\/\/theinvisiblecollection.com\/fr\/wp-json\/wp\/v2\/designer_clubroom?post=128565"}],"curies":[{"name":"wp","href":"https:\/\/api.w.org\/{rel}","templated":true}]}}