{"id":156068,"date":"2023-07-13T08:50:44","date_gmt":"2023-07-13T07:50:44","guid":{"rendered":"https:\/\/theinvisiblecollection.com\/?post_type=product&#038;p=156068"},"modified":"2026-05-01T07:38:44","modified_gmt":"2026-05-01T07:38:44","slug":"garce-dimofski-tapis-lewitt-pastel","status":"publish","type":"product","link":"https:\/\/theinvisiblecollection.com\/fr\/produit\/garce-dimofski-tapis-lewitt-pastel\/","title":{"rendered":"Tapis Lewitt Pastel"},"content":{"rendered":"<p style=\"text-align: justify;\">Le tapis Lewitt est une succession de couches qui recr\u00e9ent une forme mouvante et al\u00e9atoire. Les couleurs s\u2019y juxtaposent ou s\u2019entrelacent, apportant au tapis une harmonie et une douceur associ\u00e9es \u00e0 un confort gr\u00e2ce au relief du tissage. Tuft\u00e9 \u00e0 la main.<\/p>\n","protected":false},"excerpt":{"rendered":"<p>Tapis tuft\u00e9 \u00e0 la main<br \/>\n100% laine<br \/>\nPhotographi\u00e9 ici en Pastel, rose clair d\u00e9grad\u00e9<br \/>\nDisponible \u00e9galement en <span style=\"text-decoration: underline;\"><a href=\"https:\/\/theinvisiblecollection.com\/fr\/produit\/garce-dimofski-tapis-lewitt\/\" target=\"_blank\" rel=\"noopener\">terracotta<\/a><\/span>, brun clair et orange d\u00e9grad\u00e9<br \/>\nDimensions et formes sur-mesure sur demande<\/p>\n<p>\u00d8 480 cm<br \/>\nLongueur minimale : 380 cm<\/p>\n<p>Fabriqu\u00e9 \u00e0 la main en France<br \/>\nD\u00e9lais de fabrication : 8 mois<\/p>\n<p><span style=\"text-decoration: underline;\"><a href=\"https:\/\/www.theinvisiblecollection.com\/fr\/demande-de-devis\/?product_id=156068\" target=\"_blank\" rel=\"noopener\">Contactez-nous pour toute demande de devis ou de renseignement<\/a><\/span><\/p>\n","protected":false},"featured_media":156085,"template":"","meta":{"_acf_changed":false,"content-type":"","_themeisle_gutenberg_block_has_review":false},"product_brand":[],"product_cat":[12540,12541],"product_tag":[9644,31477,35206],"product_designer":[15857,24862],"comfabric":[],"manufacturer":[16762],"reporting_designer":[37550],"samplecomfabric":[],"designer_clubroom":[],"class_list":{"0":"post-156068","1":"product","2":"type-product","3":"status-publish","4":"has-post-thumbnail","6":"product_cat-tapis-fr","7":"product_cat-tufte-a-la-main","8":"product_tag-necessaires","9":"product_tag-st-curvy-fr","10":"product_tag-exclusive-fr","11":"pa_size-dimensions-sur-mesure-fr","12":"pa_size-grand-fr","13":"pa_size-petit-fr","14":"product_designer-garce-dimofski-fr","15":"product_designer-manufacture-de-tapis-de-bourgogne-fr","16":"manufacturer-manufacture-de-tapis-de-bourgogne-fr","17":"reporting_designer-manufacture-de-tapis-de-bourgogne","19":"first","20":"instock","21":"taxable","22":"shipping-taxable","23":"product-type-variable"},"acf":[],"_links":{"self":[{"href":"https:\/\/theinvisiblecollection.com\/fr\/wp-json\/wp\/v2\/product\/156068","targetHints":{"allow":["GET"]}}],"collection":[{"href":"https:\/\/theinvisiblecollection.com\/fr\/wp-json\/wp\/v2\/product"}],"about":[{"href":"https:\/\/theinvisiblecollection.com\/fr\/wp-json\/wp\/v2\/types\/product"}],"wp:featuredmedia":[{"embeddable":true,"href":"https:\/\/theinvisiblecollection.com\/fr\/wp-json\/wp\/v2\/media\/156085"}],"wp:attachment":[{"href":"https:\/\/theinvisiblecollection.com\/fr\/wp-json\/wp\/v2\/media?parent=156068"}],"wp:term":[{"taxonomy":"product_brand","embeddable":true,"href":"https:\/\/theinvisiblecollection.com\/fr\/wp-json\/wp\/v2\/product_brand?post=156068"},{"taxonomy":"product_cat","embeddable":true,"href":"https:\/\/theinvisiblecollection.com\/fr\/wp-json\/wp\/v2\/product_cat?post=156068"},{"taxonomy":"product_tag","embeddable":true,"href":"https:\/\/theinvisiblecollection.com\/fr\/wp-json\/wp\/v2\/product_tag?post=156068"},{"taxonomy":"product_designer","embeddable":true,"href":"https:\/\/theinvisiblecollection.com\/fr\/wp-json\/wp\/v2\/product_designer?post=156068"},{"taxonomy":"comfabric","embeddable":true,"href":"https:\/\/theinvisiblecollection.com\/fr\/wp-json\/wp\/v2\/comfabric?post=156068"},{"taxonomy":"manufacturer","embeddable":true,"href":"https:\/\/theinvisiblecollection.com\/fr\/wp-json\/wp\/v2\/manufacturer?post=156068"},{"taxonomy":"reporting_designer","embeddable":true,"href":"https:\/\/theinvisiblecollection.com\/fr\/wp-json\/wp\/v2\/reporting_designer?post=156068"},{"taxonomy":"samplecomfabric","embeddable":true,"href":"https:\/\/theinvisiblecollection.com\/fr\/wp-json\/wp\/v2\/samplecomfabric?post=156068"},{"taxonomy":"clubroom_product_designer","embeddable":true,"href":"https:\/\/theinvisiblecollection.com\/fr\/wp-json\/wp\/v2\/designer_clubroom?post=156068"}],"curies":[{"name":"wp","href":"https:\/\/api.w.org\/{rel}","templated":true}]}}