{"id":214093,"date":"2022-08-30T11:10:23","date_gmt":"2022-08-30T10:10:23","guid":{"rendered":"https:\/\/theinvisiblecollection.com\/?post_type=product&#038;p=214093"},"modified":"2026-05-01T07:38:41","modified_gmt":"2026-05-01T07:38:41","slug":"aline-asmar-d-amman-table-stone-cloud-1","status":"publish","type":"product","link":"https:\/\/theinvisiblecollection.com\/fr\/produit\/aline-asmar-d-amman-table-stone-cloud-1\/","title":{"rendered":"Table Stone Cloud 1"},"content":{"rendered":"<p style=\"text-align: justify;\">Table Stone Cloud 1 par Aline Asmar d\u2019Amman est une pi\u00e8ce de la collection &#8216;Stone Cloud&#8217;. Associant marbres rares et oubli\u00e9s en greffe sur la pierre dure de Vicenza &#8211; consid\u00e9r\u00e9e pour sa grande r\u00e9sistance comme lit \u00e0 d\u00e9coupes des pierres &#8211; Aline Asmar d\u2019Amman signe des pi\u00e8ces insolites, des tables basses sculpturales baptis\u00e9es \u2018Stone Cloud, \u00e0 l\u2019empreinte sensuelle et po\u00e9tique dont la cr\u00e9ation intuitive se d\u00e9finit au gr\u00e9 des rencontres avec des marbres rares r\u00e9cup\u00e9r\u00e9s.<\/p>\n<p style=\"text-align: justify;\">La fonctionnalit\u00e9 des tables \u2018Stone Cloud\u2019 est d\u00e9termin\u00e9e par la rencontre avec des chutes d\u2019Onyx gris et d\u2019Onyx rose et du trac\u00e9 po\u00e9tique de leurs veines. La facture est exigeante avec une approche sculpturale de la fonction, une \u00e9vocation de la sensualit\u00e9 par l\u2019imperfection.<\/p>\n<p style=\"text-align: justify;\">La construction purement architectonique c\u00e9l\u00e8bre la pierre en monomati\u00e8re et continue un travail initi\u00e9 en collaboration avec la troisi\u00e8me g\u00e9n\u00e9ration des tailleurs historiques du Laboratorio Morseletto, \u00e0 Vincenza, transmise cette fois par des femmes.<\/p>\n<p style=\"text-align: justify;\">Ces sculptures ultra-fonctionnelles et totalement uniques poursuivent la recherche entre brutalisme et haute facture, raret\u00e9 et upcycling charg\u00e9s de sens et de symboles.<\/p>\n<p style=\"text-align: justify;\">En \u00e9cho aux questionnements sur la mystique de la mati\u00e8re, ces pi\u00e8ces \u00e9voquent des figures de l\u2019imaginaire astral trouv\u00e9 dans les profondeurs de la terre, une question investigu\u00e9e par l\u2019essayiste et acad\u00e9micien fran\u00e7ais Roger Caillois dans son ouvrage \u2018La Lecture des Pierres\u2019, inspiration derri\u00e8re la d\u00e9marche d\u00e9velopp\u00e9e par Aline Asmar d\u2019Amman autour de \u2018La M\u00e9moire des Pierres\u2019.<\/p>\n<p class=\"p1\">Cr\u00e9dit photos : Marco Zorzanello &#8211; Stephan Julliard<\/p>\n","protected":false},"excerpt":{"rendered":"<p>Plateau de table en Onyx gris et base de table en pierre grise de Vicenza<br \/>\n\u00c9galement disponible avec une finition plateau en Onyx rose<br \/>\n<a href=\"https:\/\/theinvisiblecollection.com\/wp-content\/uploads\/2022\/08\/TheInvisibleCollection_Aline_Asmar_d_Amman_Stone_Cloud_Stone_Selection-1.pdf\" target=\"_blank\" rel=\"noopener\"><span style=\"text-decoration: underline;\">D\u00e9couvrez la s\u00e9lection de pierres ici<\/span><\/a><\/p>\n<p>L 68 x l 50 x H 42 cm<\/p>\n<p>Fabriqu\u00e9e \u00e0 la main en Italie<br \/>\nD\u00e9lais de production : 6 semaines<\/p>\n<p><span style=\"text-decoration: underline;\"><span class=\"s1\"><a href=\"https:\/\/www.theinvisiblecollection.com\/fr\/demande-de-devis\/?product_id=214093\" target=\"_blank\" rel=\"noopener\">Contactez-nous pour toute demande de devis ou de renseignements<\/a><\/span><\/span><\/p>\n","protected":false},"featured_media":475720,"template":"","meta":{"_acf_changed":false,"content-type":"","_themeisle_gutenberg_block_has_review":false},"product_brand":[],"product_cat":[7509,12332,12503,12514],"product_tag":[7435,11335,31476,31477],"product_designer":[18388],"comfabric":[],"manufacturer":[18390],"reporting_designer":[37633],"samplecomfabric":[],"designer_clubroom":[],"class_list":{"0":"post-214093","1":"product","2":"type-product","3":"status-publish","4":"has-post-thumbnail","6":"product_cat-tables-basses-dappoint","7":"product_cat-tables-dappoint","8":"product_cat-tables-fr","9":"product_cat-tables-de-chevet","10":"product_tag-new-in-fr","11":"product_tag-eco-design","12":"product_tag-st-collectible-fr","13":"product_tag-st-curvy-fr","14":"product_designer-aline-asmar-damman-fr","15":"manufacturer-laboratorio-morseletto-srl-fr","16":"reporting_designer-aline-asmar-damman","18":"first","19":"instock","20":"taxable","21":"shipping-taxable","22":"purchasable","23":"product-type-variable"},"acf":[],"_links":{"self":[{"href":"https:\/\/theinvisiblecollection.com\/fr\/wp-json\/wp\/v2\/product\/214093","targetHints":{"allow":["GET"]}}],"collection":[{"href":"https:\/\/theinvisiblecollection.com\/fr\/wp-json\/wp\/v2\/product"}],"about":[{"href":"https:\/\/theinvisiblecollection.com\/fr\/wp-json\/wp\/v2\/types\/product"}],"wp:featuredmedia":[{"embeddable":true,"href":"https:\/\/theinvisiblecollection.com\/fr\/wp-json\/wp\/v2\/media\/475720"}],"wp:attachment":[{"href":"https:\/\/theinvisiblecollection.com\/fr\/wp-json\/wp\/v2\/media?parent=214093"}],"wp:term":[{"taxonomy":"product_brand","embeddable":true,"href":"https:\/\/theinvisiblecollection.com\/fr\/wp-json\/wp\/v2\/product_brand?post=214093"},{"taxonomy":"product_cat","embeddable":true,"href":"https:\/\/theinvisiblecollection.com\/fr\/wp-json\/wp\/v2\/product_cat?post=214093"},{"taxonomy":"product_tag","embeddable":true,"href":"https:\/\/theinvisiblecollection.com\/fr\/wp-json\/wp\/v2\/product_tag?post=214093"},{"taxonomy":"product_designer","embeddable":true,"href":"https:\/\/theinvisiblecollection.com\/fr\/wp-json\/wp\/v2\/product_designer?post=214093"},{"taxonomy":"comfabric","embeddable":true,"href":"https:\/\/theinvisiblecollection.com\/fr\/wp-json\/wp\/v2\/comfabric?post=214093"},{"taxonomy":"manufacturer","embeddable":true,"href":"https:\/\/theinvisiblecollection.com\/fr\/wp-json\/wp\/v2\/manufacturer?post=214093"},{"taxonomy":"reporting_designer","embeddable":true,"href":"https:\/\/theinvisiblecollection.com\/fr\/wp-json\/wp\/v2\/reporting_designer?post=214093"},{"taxonomy":"samplecomfabric","embeddable":true,"href":"https:\/\/theinvisiblecollection.com\/fr\/wp-json\/wp\/v2\/samplecomfabric?post=214093"},{"taxonomy":"clubroom_product_designer","embeddable":true,"href":"https:\/\/theinvisiblecollection.com\/fr\/wp-json\/wp\/v2\/designer_clubroom?post=214093"}],"curies":[{"name":"wp","href":"https:\/\/api.w.org\/{rel}","templated":true}]}}