{"id":2613922,"date":"2023-05-17T13:10:14","date_gmt":"2023-05-17T12:10:14","guid":{"rendered":"https:\/\/theinvisiblecollection.com\/?post_type=product&#038;p=2613922"},"modified":"2026-05-01T07:38:12","modified_gmt":"2026-05-01T07:38:12","slug":"pierre-bonnefille-tabouret-stone-c-chrysocole-bleu","status":"publish","type":"product","link":"https:\/\/theinvisiblecollection.com\/fr\/produit\/pierre-bonnefille-tabouret-stone-c-chrysocole-bleu\/","title":{"rendered":"Tabouret Stone C Chrysocole"},"content":{"rendered":"<p style=\"text-align: justify;\">Les tabourets Stones de Pierre Bonnefille ont \u00e9t\u00e9 d\u00e9voil\u00e9s pour la premi\u00e8re fois lors de l\u2019exposition AD Int\u00e9rieurs 2019 \u00e0 l\u2019H\u00f4tel de Coulanges \u00e0 Paris. Inspir\u00e9s des roches alt\u00e9r\u00e9es par les \u00e9l\u00e9ments et par le temps, ces tabourets sont travaill\u00e9s avec des pigments naturels et des poudres de roche rappelant les mati\u00e8res les plus brutes, du carbone au cuivre.\u00a0Ces tabourets sont r\u00e9alis\u00e9s \u00e0 la main dans l\u2019atelier de l\u2019artiste \u00e0 Paris.<\/p>\n","protected":false},"excerpt":{"rendered":"<p>Technique mixte sur bois<\/p>\n<p><strong>\u00a0<\/strong>L 37 x l 28 x H 41 cm<br \/>\nDimensions sur-mesure sur demande<\/p>\n<p>Fabriqu\u00e9 \u00e0 la main en France<br \/>\nD\u00e9lais de fabrication : 12 semaines<\/p>\n<p class=\"p1\"><span style=\"text-decoration: underline;\"><span class=\"s1\"><a href=\"https:\/\/www.theinvisiblecollection.com\/fr\/demande-de-devis\/?product_id=69167\" target=\"_blank\" rel=\"noopener\">Contactez-nous pour toute demande de devis ou de renseignements<\/a><\/span><\/span><\/p>\n","protected":false},"featured_media":2613997,"template":"","meta":{"_acf_changed":false,"content-type":"","_themeisle_gutenberg_block_has_review":false},"product_brand":[],"product_cat":[8969,12499],"product_tag":[8993,9275,9372,12268,12274,14546],"product_designer":[12266],"comfabric":[],"manufacturer":[16741],"reporting_designer":[37578],"samplecomfabric":[],"designer_clubroom":[],"class_list":{"0":"post-2613922","1":"product","2":"type-product","3":"status-publish","4":"has-post-thumbnail","6":"product_cat-ottomans-tabourets","7":"product_cat-assises","8":"product_tag-salon","9":"product_tag-tabouret-fr-2","10":"product_tag-cuivre","11":"product_tag-atelier-pierre-bonnefille-fr","12":"product_tag-bloc-carbone-fr","13":"product_tag-ottoman-fr-2","14":"product_designer-pierre-bonnefille-fr","15":"manufacturer-pierre-bonnefille-atelier-1-fr","16":"reporting_designer-pierre-bonnefille","18":"first","19":"instock","20":"taxable","21":"shipping-taxable","22":"purchasable","23":"product-type-variable"},"acf":[],"_links":{"self":[{"href":"https:\/\/theinvisiblecollection.com\/fr\/wp-json\/wp\/v2\/product\/2613922","targetHints":{"allow":["GET"]}}],"collection":[{"href":"https:\/\/theinvisiblecollection.com\/fr\/wp-json\/wp\/v2\/product"}],"about":[{"href":"https:\/\/theinvisiblecollection.com\/fr\/wp-json\/wp\/v2\/types\/product"}],"wp:featuredmedia":[{"embeddable":true,"href":"https:\/\/theinvisiblecollection.com\/fr\/wp-json\/wp\/v2\/media\/2613997"}],"wp:attachment":[{"href":"https:\/\/theinvisiblecollection.com\/fr\/wp-json\/wp\/v2\/media?parent=2613922"}],"wp:term":[{"taxonomy":"product_brand","embeddable":true,"href":"https:\/\/theinvisiblecollection.com\/fr\/wp-json\/wp\/v2\/product_brand?post=2613922"},{"taxonomy":"product_cat","embeddable":true,"href":"https:\/\/theinvisiblecollection.com\/fr\/wp-json\/wp\/v2\/product_cat?post=2613922"},{"taxonomy":"product_tag","embeddable":true,"href":"https:\/\/theinvisiblecollection.com\/fr\/wp-json\/wp\/v2\/product_tag?post=2613922"},{"taxonomy":"product_designer","embeddable":true,"href":"https:\/\/theinvisiblecollection.com\/fr\/wp-json\/wp\/v2\/product_designer?post=2613922"},{"taxonomy":"comfabric","embeddable":true,"href":"https:\/\/theinvisiblecollection.com\/fr\/wp-json\/wp\/v2\/comfabric?post=2613922"},{"taxonomy":"manufacturer","embeddable":true,"href":"https:\/\/theinvisiblecollection.com\/fr\/wp-json\/wp\/v2\/manufacturer?post=2613922"},{"taxonomy":"reporting_designer","embeddable":true,"href":"https:\/\/theinvisiblecollection.com\/fr\/wp-json\/wp\/v2\/reporting_designer?post=2613922"},{"taxonomy":"samplecomfabric","embeddable":true,"href":"https:\/\/theinvisiblecollection.com\/fr\/wp-json\/wp\/v2\/samplecomfabric?post=2613922"},{"taxonomy":"clubroom_product_designer","embeddable":true,"href":"https:\/\/theinvisiblecollection.com\/fr\/wp-json\/wp\/v2\/designer_clubroom?post=2613922"}],"curies":[{"name":"wp","href":"https:\/\/api.w.org\/{rel}","templated":true}]}}