{"id":36570,"date":"2019-09-06T01:00:00","date_gmt":"2019-09-06T00:00:00","guid":{"rendered":"https:\/\/www.theinvisiblecollection.com\/product\/canape-franck\/"},"modified":"2026-05-01T07:40:05","modified_gmt":"2026-05-01T07:40:05","slug":"haymann-editions-canape-franck","status":"publish","type":"product","link":"https:\/\/theinvisiblecollection.com\/fr\/produit\/haymann-editions-canape-franck\/","title":{"rendered":"Canap\u00e9 Franck"},"content":{"rendered":"<p style=\"text-align: justify;\">Avec \u00abFranck\u00bb Charles Kalpakian continue son travail d\u00e9marr\u00e9 avec le canap\u00e9 Max sur les intersections g\u00e9om\u00e9triques. Son dossier vient casser l\u2019assise et souligner les lignes de ce fauteuil \u00e9l\u00e9gant et moderne, un d\u00e9tail qui fera sans doute la diff\u00e9rence.Le m\u00e9lange parfait entre fonction et \u00e9l\u00e9gance. Il ne vous manque plus qu\u2019un bon whisky ou une coupe de champagne pour profiter de son confort.<\/p>\n","protected":false},"excerpt":{"rendered":"<p>Dessin\u00e9 par Charles Kalpakian<br \/>\nCanap\u00e9 en mousse avec structure en fr\u00eane<br \/>\n<span style=\"text-decoration: underline;\"><a href=\"https:\/\/theinvisiblecollection.com\/wp-content\/uploads\/2019\/01\/TheInvisibleCollection_Haymann_Editions_Wood_Selection.pdf\" target=\"_blank\" rel=\"noopener\">D\u00e9couvrez les finitions de bois ici<\/a><a href=\"https:\/\/www.theinvisiblecollection.com\/wp-content\/uploads\/2020\/02\/TheInvisibleCollection_HaymannEditions_LeatherHermes.pdf\" target=\"_blank\" rel=\"noopener\"><br \/>\n<\/a><a href=\"https:\/\/theinvisiblecollection.com\/wp-content\/uploads\/2022\/03\/TheInvisibleCollection_Samples_Haymann-Editions-1.pdf\" target=\"_blank\" rel=\"noopener\">D\u00e9couvrez la s\u00e9lection de tissus ici<\/a><\/span><br \/>\n<a href=\"https:\/\/theinvisiblecollection.com\/wp-content\/uploads\/2022\/11\/TheInvisibleCollection_HaymannEditions_FranckSofa_FeaturedModels.pdf\" target=\"_blank\" rel=\"noopener\"><span style=\"text-decoration: underline;\">D\u00e9couvrez la s\u00e9lection de mod\u00e8les ici<\/span><\/a><br \/>\n\u00c9galement disponible en tout cuir et en blanc sans tissu ou cuir<\/p>\n<p>Disponible en deux dimensions :<br \/>\nL 140 x W 89.4 x H 72 cm<br \/>\nL 160 x W 89.4 x H 72 cm<br \/>\nHauteur d\u2019assise : 44 cm<br \/>\nM\u00e9trage de tissu requis :<br \/>\nL 140 : 5,1 m pour l\u2019assise et 3,2 m pour les coussins<br \/>\nL 160 : 5,7 m pour l\u2019assise et 3,7 m pour les coussins<br \/>\nM\u00e9trage de cuir requis :<br \/>\nL 140 : 9,9 m pour l\u2019assise et 5,7 m2 pour les coussins<br \/>\nL 160 : 10,8 m2 pour l\u2019assise et 6,8 m2 pour les coussins<\/p>\n<p>Fabriqu\u00e9 \u00e0 la main en Italie<br \/>\nD\u00e9lais de fabrication : 12 semaines<\/p>\n<p><span style=\"text-decoration: underline;\"><a href=\"https:\/\/www.theinvisiblecollection.com\/fr\/demande-de-devis\/?product_id=36570\" target=\"_blank\" rel=\"noopener\">Contactez-nous pour toute demande de devis ou de renseignement<\/a><\/span><\/p>\n","protected":false},"featured_media":78967,"template":"","meta":{"_acf_changed":false,"content-type":"","_themeisle_gutenberg_block_has_review":false},"product_brand":[],"product_cat":[8976,12499],"product_tag":[8944,10855,10858,31474,31477],"product_designer":[8919],"comfabric":[],"manufacturer":[20661],"reporting_designer":[37274],"samplecomfabric":[],"designer_clubroom":[],"class_list":{"0":"post-36570","1":"product","2":"type-product","3":"status-publish","4":"has-post-thumbnail","6":"product_cat-canapes","7":"product_cat-assises","8":"product_tag-canape","9":"product_tag-franck-fr-fr","10":"product_tag-charles-kalpakian-fr","11":"product_tag-co-white-fr","12":"product_tag-st-curvy-fr","13":"pa_material-tbisson-brunell-bergamo-fr","14":"pa_material-bisson-brunell-colorado-fr","15":"pa_material-bisson-brunell-joseph-fr","16":"pa_material-bisson-brunell-prairie-fr","17":"pa_material-bisson-brunell-steppe-fr","18":"pa_material-bisson-brunell-verone-fr","19":"pa_material-com-fabric-fr","20":"pa_material-linterno-nobili-fr","21":"pa_material-linterno-st-moritz-fr","22":"pa_material-tout-bisson-bruneel-verone-fr","23":"pa_material-yarn-collective-ismay-boucle-fr","24":"pa_material-yarn-collective-marci-fr","25":"pa_size-grand-fr","26":"pa_size-petit","27":"product_designer-haymann-editions-fr","28":"manufacturer-22-service-fr","29":"reporting_designer-haymann-editions","31":"first","32":"instock","33":"taxable","34":"shipping-taxable","35":"purchasable","36":"product-type-variable"},"acf":[],"_links":{"self":[{"href":"https:\/\/theinvisiblecollection.com\/fr\/wp-json\/wp\/v2\/product\/36570","targetHints":{"allow":["GET"]}}],"collection":[{"href":"https:\/\/theinvisiblecollection.com\/fr\/wp-json\/wp\/v2\/product"}],"about":[{"href":"https:\/\/theinvisiblecollection.com\/fr\/wp-json\/wp\/v2\/types\/product"}],"wp:featuredmedia":[{"embeddable":true,"href":"https:\/\/theinvisiblecollection.com\/fr\/wp-json\/wp\/v2\/media\/78967"}],"wp:attachment":[{"href":"https:\/\/theinvisiblecollection.com\/fr\/wp-json\/wp\/v2\/media?parent=36570"}],"wp:term":[{"taxonomy":"product_brand","embeddable":true,"href":"https:\/\/theinvisiblecollection.com\/fr\/wp-json\/wp\/v2\/product_brand?post=36570"},{"taxonomy":"product_cat","embeddable":true,"href":"https:\/\/theinvisiblecollection.com\/fr\/wp-json\/wp\/v2\/product_cat?post=36570"},{"taxonomy":"product_tag","embeddable":true,"href":"https:\/\/theinvisiblecollection.com\/fr\/wp-json\/wp\/v2\/product_tag?post=36570"},{"taxonomy":"product_designer","embeddable":true,"href":"https:\/\/theinvisiblecollection.com\/fr\/wp-json\/wp\/v2\/product_designer?post=36570"},{"taxonomy":"comfabric","embeddable":true,"href":"https:\/\/theinvisiblecollection.com\/fr\/wp-json\/wp\/v2\/comfabric?post=36570"},{"taxonomy":"manufacturer","embeddable":true,"href":"https:\/\/theinvisiblecollection.com\/fr\/wp-json\/wp\/v2\/manufacturer?post=36570"},{"taxonomy":"reporting_designer","embeddable":true,"href":"https:\/\/theinvisiblecollection.com\/fr\/wp-json\/wp\/v2\/reporting_designer?post=36570"},{"taxonomy":"samplecomfabric","embeddable":true,"href":"https:\/\/theinvisiblecollection.com\/fr\/wp-json\/wp\/v2\/samplecomfabric?post=36570"},{"taxonomy":"clubroom_product_designer","embeddable":true,"href":"https:\/\/theinvisiblecollection.com\/fr\/wp-json\/wp\/v2\/designer_clubroom?post=36570"}],"curies":[{"name":"wp","href":"https:\/\/api.w.org\/{rel}","templated":true}]}}