{"id":37180,"date":"2024-09-10T00:00:00","date_gmt":"2024-09-10T00:00:00","guid":{"rendered":"https:\/\/www.theinvisiblecollection.com\/?post_type=product&#038;p=37180"},"modified":"2026-05-01T07:40:03","modified_gmt":"2026-05-01T07:40:03","slug":"kelly-behun-chaise-longue-mosaique-02","status":"publish","type":"product","link":"https:\/\/theinvisiblecollection.com\/fr\/produit\/kelly-behun-chaise-longue-mosaique-02\/","title":{"rendered":"Chaise Longue Mosa\u00efque 02"},"content":{"rendered":"<p style=\"text-align: justify;\">Inspir\u00e9e par le travail iconique du designer italien Carlo Bugatti et de l&#8217;architecte catalan Antoni Gaudi, Kelly Behun a invent\u00e9 un nouveau vocabulaire de formes, fusionnant des lignes inattendues avec des mat\u00e9riaux luxueux, notamment l\u2019acajou blanchi, et des mosa\u00efques de porcelaine aux motifs uniques. Les d\u00e9tails sculpt\u00e9s, complexes, donnent \u00e0 chacune des pi\u00e8ces une valeur sculpturale intemporelle, qui d\u00e9fie le temps. La collection est enti\u00e8rement r\u00e9alis\u00e9e \u00e0 la main par les meilleurs artisans am\u00e9ricains.<\/p>\n","protected":false},"excerpt":{"rendered":"<p>Cadre en acajou blanchi (usage ext\u00e9rieur) avec d\u00e9tails sculpt\u00e9s en feston, finition \u00e0 la main<br \/>\nD\u00e9tails en corde<br \/>\n\u00c9galement disponible en ch\u00eane blanc (usage int\u00e9rieur) sur demande<br \/>\n<a href=\"https:\/\/theinvisiblecollection.com\/wp-content\/uploads\/2022\/11\/TheInvisibleCollection_KellyBehun_WoodSelection_2.jpg\" target=\"_blank\" rel=\"noopener\"><span style=\"text-decoration: underline;\">D\u00e9couvrez la s\u00e9lection de bois ici<\/span><\/a><\/p>\n<p>L 73.7 x l 67.3 x H 96.5 cm<br \/>\nHauteur d&#8217;assise : 37 cm<br \/>\nDimensions sur-mesure sur demande<\/p>\n<p>Fabriqu\u00e9e \u00e0 la main aux Etats-Unis<br \/>\nD\u00e9lais de production : 18 &#8211; 20 semaines<\/p>\n<p><span style=\"text-decoration: underline;\"><a href=\"https:\/\/www.theinvisiblecollection.com\/fr\/demande-de-devis\/?product_id=37180\" target=\"_blank\" rel=\"noopener noreferrer\">Contactez-nous pour toute demande de devis ou de renseignements<\/a><\/span><\/p>\n","protected":false},"featured_media":138714,"template":"","meta":{"_acf_changed":false,"content-type":"","_themeisle_gutenberg_block_has_review":false},"product_brand":[],"product_cat":[8945,10549,12499],"product_tag":[31474,31477,9017,9347,10125,10126,10127,10135,10136,10137,10140],"product_designer":[8913],"comfabric":[],"manufacturer":[21768],"reporting_designer":[37666],"samplecomfabric":[],"designer_clubroom":[],"class_list":{"0":"post-37180","1":"product","2":"type-product","3":"status-publish","4":"has-post-thumbnail","6":"product_cat-fauteuils","7":"product_cat-mobilier-dexterieur","8":"product_cat-assises","9":"product_tag-co-white-fr","10":"product_tag-st-curvy-fr","11":"product_tag-chaise","12":"product_tag-corde","13":"product_tag-acajou-fr-2","14":"product_tag-mosaique","15":"product_tag-kelly-behun-fr","16":"product_tag-chaise-dexterieur","17":"product_tag-chaise-lounge","18":"product_tag-exterieur","19":"product_tag-mobilier-exterieur-fr","20":"pa_wood-acajou-blanchi-fr","21":"pa_wood-chene-blanc-fr","22":"product_designer-kelly-behun-fr","23":"manufacturer-bespoke-furniture-inc-fr","24":"reporting_designer-kelly-behun","26":"first","27":"instock","28":"taxable","29":"shipping-taxable","30":"purchasable","31":"product-type-variable"},"acf":[],"_links":{"self":[{"href":"https:\/\/theinvisiblecollection.com\/fr\/wp-json\/wp\/v2\/product\/37180","targetHints":{"allow":["GET"]}}],"collection":[{"href":"https:\/\/theinvisiblecollection.com\/fr\/wp-json\/wp\/v2\/product"}],"about":[{"href":"https:\/\/theinvisiblecollection.com\/fr\/wp-json\/wp\/v2\/types\/product"}],"wp:featuredmedia":[{"embeddable":true,"href":"https:\/\/theinvisiblecollection.com\/fr\/wp-json\/wp\/v2\/media\/138714"}],"wp:attachment":[{"href":"https:\/\/theinvisiblecollection.com\/fr\/wp-json\/wp\/v2\/media?parent=37180"}],"wp:term":[{"taxonomy":"product_brand","embeddable":true,"href":"https:\/\/theinvisiblecollection.com\/fr\/wp-json\/wp\/v2\/product_brand?post=37180"},{"taxonomy":"product_cat","embeddable":true,"href":"https:\/\/theinvisiblecollection.com\/fr\/wp-json\/wp\/v2\/product_cat?post=37180"},{"taxonomy":"product_tag","embeddable":true,"href":"https:\/\/theinvisiblecollection.com\/fr\/wp-json\/wp\/v2\/product_tag?post=37180"},{"taxonomy":"product_designer","embeddable":true,"href":"https:\/\/theinvisiblecollection.com\/fr\/wp-json\/wp\/v2\/product_designer?post=37180"},{"taxonomy":"comfabric","embeddable":true,"href":"https:\/\/theinvisiblecollection.com\/fr\/wp-json\/wp\/v2\/comfabric?post=37180"},{"taxonomy":"manufacturer","embeddable":true,"href":"https:\/\/theinvisiblecollection.com\/fr\/wp-json\/wp\/v2\/manufacturer?post=37180"},{"taxonomy":"reporting_designer","embeddable":true,"href":"https:\/\/theinvisiblecollection.com\/fr\/wp-json\/wp\/v2\/reporting_designer?post=37180"},{"taxonomy":"samplecomfabric","embeddable":true,"href":"https:\/\/theinvisiblecollection.com\/fr\/wp-json\/wp\/v2\/samplecomfabric?post=37180"},{"taxonomy":"clubroom_product_designer","embeddable":true,"href":"https:\/\/theinvisiblecollection.com\/fr\/wp-json\/wp\/v2\/designer_clubroom?post=37180"}],"curies":[{"name":"wp","href":"https:\/\/api.w.org\/{rel}","templated":true}]}}