{"id":38646,"date":"2020-01-14T00:00:00","date_gmt":"2020-01-14T00:00:00","guid":{"rendered":"https:\/\/www.theinvisiblecollection.com\/product\/nuage-190\/"},"modified":"2026-05-01T07:39:52","modified_gmt":"2026-05-01T07:39:52","slug":"pierre-augustin-rose-nuage-190","status":"publish","type":"product","link":"https:\/\/theinvisiblecollection.com\/fr\/produit\/pierre-augustin-rose-nuage-190\/","title":{"rendered":"Nuage 190 Ottomane"},"content":{"rendered":"<div>\n<p class=\"x_MsoNormal\" style=\"text-align: justify;\">The Invisible Collection poursuit sa collaboration avec Pierre Augustin Rose et pr\u00e9sente leur nouvelle\u00a0collection\u00a0<i>La Salle \u00e0 Manger.<\/i><br \/>\nLa grande table de r\u00e9ception, Scala 300 en ch\u00eane et laque, accompagne les chaises Polus d\u00e9clin\u00e9es en trois versions. Revisitant l&#8217;esprit des ann\u00e9es 1930 avec un go\u00fbt tr\u00e8s fran\u00e7ais, The Invisible Collection propose aussi le Cabinet 160, discret et raffin\u00e9 avec sa structure travaill\u00e9e \u00e0 la gouge et un int\u00e9rieur laqu\u00e9, signature de la maison d&#8217;\u00e9dition. Singuli\u00e8re suspension en pl\u00e2tre, Eole est une magnifique sculpture lumineuse.<\/p>\n<\/div>\n<div>\n<p class=\"x_MsoNormal\" style=\"text-align: justify;\">Comment revisiter les classiques du design pour proposer les iconiques de\u00a0demain.<\/p>\n<\/div>\n","protected":false},"excerpt":{"rendered":"<p>Canap\u00e9 recouvert de tissu Pierre Frey Teddy Mohair, couleur sable<br \/>\n<span style=\"text-decoration: underline;\"><a href=\"https:\/\/theinvisiblecollection.com\/wp-content\/uploads\/2022\/02\/TheInvisibleCollection_PierreAugustinRose_PierreFrey_FabricSelection_compressed-compresse.pdf\" target=\"_blank\" rel=\"noopener noreferrer\">D\u00e9couvrez la s\u00e9lection de tissus Pierre Frey<\/a><\/span><br \/>\n\u00c9galement disponible en blanc sans tissu<br \/>\nPieds en ch\u00eane peints en noir<\/p>\n<p>Quatre dimensions disponibles :<br \/>\nL 190 x P 120 x H 42 cm<br \/>\nTissu requis : 6 m<br \/>\nL 240 x P 120 x H 42 cm<br \/>\nTissu requis : 7 m<br \/>\nL 280 x D 120 x H 42 cm<br \/>\nTissu requis : 8 m<br \/>\nL 370 x D 120 x H 42 cm<br \/>\nTissu requis : 9.5 m<\/p>\n<p>Fabriqu\u00e9 \u00e0 la main en Europe<br \/>\nD\u00e9lais de production : 12 &#8211; 14 semaines<\/p>\n<p><span style=\"text-decoration: underline;\"><a href=\"https:\/\/www.theinvisiblecollection.com\/fr\/demande-de-devis\/?product_id=38646\" target=\"_blank\" rel=\"noopener noreferrer\">Contactez-nous pour toute demande de devis ou de renseignements<\/a><\/span><\/p>\n","protected":false},"featured_media":43573,"template":"","meta":{"_acf_changed":false,"content-type":"","_themeisle_gutenberg_block_has_review":false},"product_brand":[],"product_cat":[8947,8969,12499],"product_tag":[8942,8944,9409,9452,11349,11545,31474,31477,35206],"product_designer":[8908],"comfabric":[29018],"manufacturer":[16828],"reporting_designer":[37608],"samplecomfabric":[30018],"designer_clubroom":[],"class_list":{"0":"post-38646","1":"product","2":"type-product","3":"status-publish","4":"has-post-thumbnail","6":"product_cat-bancs","7":"product_cat-ottomans-tabourets","8":"product_cat-assises","9":"product_tag-assise","10":"product_tag-canape","11":"product_tag-pierre-augustin-rose-fr-2","12":"product_tag-nuage-190-fr-fr","13":"product_tag-pierre-augustine-rose-fr","14":"product_tag-canapes-arrondis","15":"product_tag-co-white-fr","16":"product_tag-st-curvy-fr","17":"product_tag-exclusive-fr","18":"pa_fabric-en-blanc-sans-tissu-fr","19":"pa_fabric-pierre-frey-angkor-fr","20":"pa_fabric-pierre-frey-arsene-fr","21":"pa_fabric-pierre-frey-loft-fr","22":"pa_fabric-pierre-frey-tissu-louison","23":"pa_fabric-pierre-frey-opio-fr","24":"pa_fabric-pierre-frey-valreas-fr","25":"pa_fabric-pierre-frey-teddy-mohair-fr","26":"pa_size-extra-large-fr","27":"pa_size-grand-fr","28":"pa_size-moyen","29":"pa_size-petit-fr","30":"product_designer-pierre-augustin-rose-fr","31":"comfabric-pierre-augustin-rose-fr","32":"manufacturer-charvin-logistics-saint-ouen-la-ex-egetra-fr","33":"reporting_designer-pierre-augustin-rose","34":"samplecomfabric-pierre-augustin-rose-fr","36":"first","37":"instock","38":"taxable","39":"shipping-taxable","40":"purchasable","41":"product-type-variable"},"acf":[],"_links":{"self":[{"href":"https:\/\/theinvisiblecollection.com\/fr\/wp-json\/wp\/v2\/product\/38646","targetHints":{"allow":["GET"]}}],"collection":[{"href":"https:\/\/theinvisiblecollection.com\/fr\/wp-json\/wp\/v2\/product"}],"about":[{"href":"https:\/\/theinvisiblecollection.com\/fr\/wp-json\/wp\/v2\/types\/product"}],"wp:featuredmedia":[{"embeddable":true,"href":"https:\/\/theinvisiblecollection.com\/fr\/wp-json\/wp\/v2\/media\/43573"}],"wp:attachment":[{"href":"https:\/\/theinvisiblecollection.com\/fr\/wp-json\/wp\/v2\/media?parent=38646"}],"wp:term":[{"taxonomy":"product_brand","embeddable":true,"href":"https:\/\/theinvisiblecollection.com\/fr\/wp-json\/wp\/v2\/product_brand?post=38646"},{"taxonomy":"product_cat","embeddable":true,"href":"https:\/\/theinvisiblecollection.com\/fr\/wp-json\/wp\/v2\/product_cat?post=38646"},{"taxonomy":"product_tag","embeddable":true,"href":"https:\/\/theinvisiblecollection.com\/fr\/wp-json\/wp\/v2\/product_tag?post=38646"},{"taxonomy":"product_designer","embeddable":true,"href":"https:\/\/theinvisiblecollection.com\/fr\/wp-json\/wp\/v2\/product_designer?post=38646"},{"taxonomy":"comfabric","embeddable":true,"href":"https:\/\/theinvisiblecollection.com\/fr\/wp-json\/wp\/v2\/comfabric?post=38646"},{"taxonomy":"manufacturer","embeddable":true,"href":"https:\/\/theinvisiblecollection.com\/fr\/wp-json\/wp\/v2\/manufacturer?post=38646"},{"taxonomy":"reporting_designer","embeddable":true,"href":"https:\/\/theinvisiblecollection.com\/fr\/wp-json\/wp\/v2\/reporting_designer?post=38646"},{"taxonomy":"samplecomfabric","embeddable":true,"href":"https:\/\/theinvisiblecollection.com\/fr\/wp-json\/wp\/v2\/samplecomfabric?post=38646"},{"taxonomy":"clubroom_product_designer","embeddable":true,"href":"https:\/\/theinvisiblecollection.com\/fr\/wp-json\/wp\/v2\/designer_clubroom?post=38646"}],"curies":[{"name":"wp","href":"https:\/\/api.w.org\/{rel}","templated":true}]}}