{"id":43824,"date":"2020-07-08T15:58:39","date_gmt":"2020-07-08T15:58:39","guid":{"rendered":"https:\/\/www.theinvisiblecollection.com\/?post_type=product&#038;p=43824"},"modified":"2026-05-01T07:39:42","modified_gmt":"2026-05-01T07:39:42","slug":"le-berre-vevaud-table-basse-nassau","status":"publish","type":"product","link":"https:\/\/theinvisiblecollection.com\/fr\/produit\/le-berre-vevaud-table-basse-nassau\/","title":{"rendered":"Table Basse Nassau"},"content":{"rendered":"<p style=\"text-align: justify;\">Pour leur seconde collection, Rapha\u00ebl Le Berre et Thomas Vevaud mettent en avant les savoir faire de l\u2019artisanat fran\u00e7ais avec des pi\u00e8ces d\u2019exception. La collection Empreinte est n\u00e9e de leur passion commune pour le mobilier, les mat\u00e9riaux nobles et l\u2019artisanat d\u2019art. Chaque meuble a \u00e9t\u00e9 imagin\u00e9 pour un chantier priv\u00e9 du duo d\u2019architectes d\u2019int\u00e9rieur. Cette nouvelle collection ouvre un dialogue entre les ann\u00e9es 30, des courants modernistes et des notes plus contemporaines pour tisser des liens entre pass\u00e9 et pr\u00e9sent. La collection Empreinte est r\u00e9alis\u00e9e dans des textures qui cultivent les contraires. Des objets d\u2019esprit brutaliste mais toujours pr\u00e9cieux, un ensemble travaill\u00e9 dans une palette de couleurs \u00e9tonnante et dans des formes intemporelles. Une collection enti\u00e8rement produite en France.<\/p>\n","protected":false},"excerpt":{"rendered":"<p>Collection Empreinte<br \/>\nPi\u00e8tement en acier laqu\u00e9 brillant, teinte gris antracite RAL 7024<br \/>\nPlateau en marbre Lilac adouci<br \/>\nPlateau Nassau en bois laqu\u00e9 brillant amovible<br \/>\nPlateau Nassau et pietement disponibles en laque aubergine, blanc, noire, corail et rose<\/p>\n<p>\u00d8 110 x H 25 cm<\/p>\n<p>Fabriqu\u00e9e \u00e0 la main en France<br \/>\nD\u00e9lais de fabrication : 12 semaines<\/p>\n<p><span style=\"text-decoration: underline;\"><a href=\"https:\/\/www.theinvisiblecollection.com\/fr\/demande-de-devis\/?product_id=43824\" target=\"_blank\" rel=\"noopener\">Contactez-nous pour toute demande de devis ou de renseignement<\/a><\/span><\/p>\n","protected":false},"featured_media":155556,"template":"","meta":{"_acf_changed":false,"content-type":"","_themeisle_gutenberg_block_has_review":false},"product_brand":[],"product_cat":[7509,12503],"product_tag":[9066,9834],"product_designer":[8868],"comfabric":[],"manufacturer":[35599],"reporting_designer":[37160],"samplecomfabric":[],"designer_clubroom":[],"class_list":{"0":"post-43824","1":"product","2":"type-product","3":"status-publish","4":"has-post-thumbnail","6":"product_cat-tables-basses-dappoint","7":"product_cat-tables-fr","8":"product_tag-table-basse","9":"product_tag-nassau-fr","10":"pa_base-aubergine-fr","11":"pa_base-blanc","12":"pa_base-corail","13":"pa_base-gris-anthracite","14":"pa_base-noir","15":"pa_base-rose","16":"pa_tray-aubergine-fr","17":"pa_tray-blanc","18":"pa_tray-corail","19":"pa_tray-gris-anthracite","20":"pa_tray-noir","21":"pa_tray-rose","22":"product_designer-le-berre-vevaud-fr","23":"manufacturer-le-berre-vevaud-oficinna-22-pt-fr","24":"reporting_designer-le-berre-vevaud","26":"first","27":"instock","28":"taxable","29":"shipping-taxable","30":"purchasable","31":"product-type-variable"},"acf":[],"_links":{"self":[{"href":"https:\/\/theinvisiblecollection.com\/fr\/wp-json\/wp\/v2\/product\/43824","targetHints":{"allow":["GET"]}}],"collection":[{"href":"https:\/\/theinvisiblecollection.com\/fr\/wp-json\/wp\/v2\/product"}],"about":[{"href":"https:\/\/theinvisiblecollection.com\/fr\/wp-json\/wp\/v2\/types\/product"}],"wp:featuredmedia":[{"embeddable":true,"href":"https:\/\/theinvisiblecollection.com\/fr\/wp-json\/wp\/v2\/media\/155556"}],"wp:attachment":[{"href":"https:\/\/theinvisiblecollection.com\/fr\/wp-json\/wp\/v2\/media?parent=43824"}],"wp:term":[{"taxonomy":"product_brand","embeddable":true,"href":"https:\/\/theinvisiblecollection.com\/fr\/wp-json\/wp\/v2\/product_brand?post=43824"},{"taxonomy":"product_cat","embeddable":true,"href":"https:\/\/theinvisiblecollection.com\/fr\/wp-json\/wp\/v2\/product_cat?post=43824"},{"taxonomy":"product_tag","embeddable":true,"href":"https:\/\/theinvisiblecollection.com\/fr\/wp-json\/wp\/v2\/product_tag?post=43824"},{"taxonomy":"product_designer","embeddable":true,"href":"https:\/\/theinvisiblecollection.com\/fr\/wp-json\/wp\/v2\/product_designer?post=43824"},{"taxonomy":"comfabric","embeddable":true,"href":"https:\/\/theinvisiblecollection.com\/fr\/wp-json\/wp\/v2\/comfabric?post=43824"},{"taxonomy":"manufacturer","embeddable":true,"href":"https:\/\/theinvisiblecollection.com\/fr\/wp-json\/wp\/v2\/manufacturer?post=43824"},{"taxonomy":"reporting_designer","embeddable":true,"href":"https:\/\/theinvisiblecollection.com\/fr\/wp-json\/wp\/v2\/reporting_designer?post=43824"},{"taxonomy":"samplecomfabric","embeddable":true,"href":"https:\/\/theinvisiblecollection.com\/fr\/wp-json\/wp\/v2\/samplecomfabric?post=43824"},{"taxonomy":"clubroom_product_designer","embeddable":true,"href":"https:\/\/theinvisiblecollection.com\/fr\/wp-json\/wp\/v2\/designer_clubroom?post=43824"}],"curies":[{"name":"wp","href":"https:\/\/api.w.org\/{rel}","templated":true}]}}