{"id":4547096,"date":"2024-01-17T10:10:51","date_gmt":"2024-01-17T10:10:51","guid":{"rendered":"https:\/\/theinvisiblecollection.com\/?post_type=product&#038;p=4547096"},"modified":"2026-05-01T07:37:46","modified_gmt":"2026-05-01T07:37:46","slug":"simon-cabrol-buffet-boo-x-mobilier-national","status":"publish","type":"product","link":"https:\/\/theinvisiblecollection.com\/fr\/produit\/simon-cabrol-buffet-boo-x-mobilier-national\/","title":{"rendered":"Buffet Boo x Mobilier National"},"content":{"rendered":"<p style=\"text-align: justify;\">Le Buffet Boo de Simon Cabrol est un buffet laqu\u00e9 \u00e0 trois portes qui fusionne les inspirations du designer pour deux r\u00e9gions c\u00f4ti\u00e8res fran\u00e7aises : le Sud et la Bretagne. Les portes sculpt\u00e9es \u00e9voquent la douceur des galets, apportant une touche organique, tandis que la laque noire et le vernis nacr\u00e9 vert cr\u00e9ent un magn\u00e9tisme visuel, changeant avec la lumi\u00e8re comme les plages bretonnes avec les mar\u00e9es. Ce mariage du minimalisme et des influences c\u00f4ti\u00e8res offre une pi\u00e8ce \u00e9l\u00e9gante et \u00e9vocatrice, capturant l&#8217;essence de deux mondes qui ont fa\u00e7onn\u00e9 la vie de Cabrol, du sud ensoleill\u00e9 \u00e0 la Bretagne myst\u00e9rieuse.<\/p>\n","protected":false},"excerpt":{"rendered":"<p>Le Buffet Boo de Simon Cabrol est un buffet laqu\u00e9 \u00e0 trois portes qui fusionne les inspirations du designer pour deux r\u00e9gions c\u00f4ti\u00e8res fran\u00e7aises : le Sud et la Bretagne. Les portes sculpt\u00e9es \u00e9voquent la douceur des galets, apportant une touche organique, tandis que la laque noire et le vernis nacr\u00e9 vert cr\u00e9ent un magn\u00e9tisme [&hellip;]<\/p>\n","protected":false},"featured_media":4547071,"template":"","meta":{"_acf_changed":false,"content-type":"","_themeisle_gutenberg_block_has_review":false},"product_brand":[],"product_cat":[8957,12505],"product_tag":[20434,33319],"product_designer":[20441,26744],"comfabric":[],"manufacturer":[27635],"reporting_designer":[37650],"samplecomfabric":[],"designer_clubroom":[],"class_list":{"0":"post-4547096","1":"product","2":"type-product","3":"status-publish","4":"has-post-thumbnail","6":"product_cat-commodes","7":"product_cat-rangements","8":"product_tag-mobilier-national-fr","9":"product_tag-edition-limitee","10":"product_designer-mobilier-national-fr","11":"product_designer-simon-cabrol-fr","12":"manufacturer-sarl-millimtre-fr","13":"reporting_designer-simon-cabrol","15":"first","16":"instock","17":"taxable","18":"shipping-taxable","19":"purchasable","20":"product-type-simple"},"acf":[],"_links":{"self":[{"href":"https:\/\/theinvisiblecollection.com\/fr\/wp-json\/wp\/v2\/product\/4547096","targetHints":{"allow":["GET"]}}],"collection":[{"href":"https:\/\/theinvisiblecollection.com\/fr\/wp-json\/wp\/v2\/product"}],"about":[{"href":"https:\/\/theinvisiblecollection.com\/fr\/wp-json\/wp\/v2\/types\/product"}],"wp:featuredmedia":[{"embeddable":true,"href":"https:\/\/theinvisiblecollection.com\/fr\/wp-json\/wp\/v2\/media\/4547071"}],"wp:attachment":[{"href":"https:\/\/theinvisiblecollection.com\/fr\/wp-json\/wp\/v2\/media?parent=4547096"}],"wp:term":[{"taxonomy":"product_brand","embeddable":true,"href":"https:\/\/theinvisiblecollection.com\/fr\/wp-json\/wp\/v2\/product_brand?post=4547096"},{"taxonomy":"product_cat","embeddable":true,"href":"https:\/\/theinvisiblecollection.com\/fr\/wp-json\/wp\/v2\/product_cat?post=4547096"},{"taxonomy":"product_tag","embeddable":true,"href":"https:\/\/theinvisiblecollection.com\/fr\/wp-json\/wp\/v2\/product_tag?post=4547096"},{"taxonomy":"product_designer","embeddable":true,"href":"https:\/\/theinvisiblecollection.com\/fr\/wp-json\/wp\/v2\/product_designer?post=4547096"},{"taxonomy":"comfabric","embeddable":true,"href":"https:\/\/theinvisiblecollection.com\/fr\/wp-json\/wp\/v2\/comfabric?post=4547096"},{"taxonomy":"manufacturer","embeddable":true,"href":"https:\/\/theinvisiblecollection.com\/fr\/wp-json\/wp\/v2\/manufacturer?post=4547096"},{"taxonomy":"reporting_designer","embeddable":true,"href":"https:\/\/theinvisiblecollection.com\/fr\/wp-json\/wp\/v2\/reporting_designer?post=4547096"},{"taxonomy":"samplecomfabric","embeddable":true,"href":"https:\/\/theinvisiblecollection.com\/fr\/wp-json\/wp\/v2\/samplecomfabric?post=4547096"},{"taxonomy":"clubroom_product_designer","embeddable":true,"href":"https:\/\/theinvisiblecollection.com\/fr\/wp-json\/wp\/v2\/designer_clubroom?post=4547096"}],"curies":[{"name":"wp","href":"https:\/\/api.w.org\/{rel}","templated":true}]}}