{"id":5119652,"date":"2024-09-02T06:53:46","date_gmt":"2024-09-02T06:53:46","guid":{"rendered":"https:\/\/theinvisiblecollection.com\/?post_type=product&#038;p=5119652"},"modified":"2026-05-01T07:37:41","modified_gmt":"2026-05-01T07:37:41","slug":"daniel-hayden-miroir-quiet-loud","status":"publish","type":"product","link":"https:\/\/theinvisiblecollection.com\/fr\/produit\/daniel-hayden-miroir-quiet-loud\/","title":{"rendered":"Miroir Quiet Loud"},"content":{"rendered":"<p style=\"text-align: justify;\">Le miroir Quiet Loud de Daniel Hayden est issue d&#8217;une exp\u00e9rience visant \u00e0 donner de l&#8217;expressivit\u00e9 \u00e0 un processus par ailleurs lent et pr\u00e9cis. Il est sculpt\u00e9 \u00e0 la main dans du bois massif et agr\u00e9ment\u00e9 d&#8217;un simple motif de lignes \u00e0 main lev\u00e9e.<br \/>\nCe miroir est fabriqu\u00e9 en bois massif, une mati\u00e8re naturelle qui r\u00e9agit aux changements de temp\u00e9rature et d\u2019humidit\u00e9 en se dilatant et en se contractant. Les variations de veinage, de couleur et de texture sont inh\u00e9rentes et pr\u00e9visibles.<\/p>\n","protected":false},"excerpt":{"rendered":"<p>Le miroir Quiet Loud de Daniel Hayden est issue d&#8217;une exp\u00e9rience visant \u00e0 donner de l&#8217;expressivit\u00e9 \u00e0 un processus par ailleurs lent et pr\u00e9cis. Il est sculpt\u00e9 \u00e0 la main dans du bois massif et agr\u00e9ment\u00e9 d&#8217;un simple motif de lignes \u00e0 main lev\u00e9e. Ce miroir est fabriqu\u00e9 en bois massif, une mati\u00e8re naturelle qui [&hellip;]<\/p>\n","protected":false},"featured_media":5119662,"template":"","meta":{"_acf_changed":false,"content-type":"","_themeisle_gutenberg_block_has_review":false},"product_brand":[],"product_cat":[7517,8225],"product_tag":[14925,22790,35206,35326],"product_designer":[27481],"comfabric":[],"manufacturer":[27483],"reporting_designer":[37671],"samplecomfabric":[],"designer_clubroom":[],"class_list":{"0":"post-5119652","1":"product","2":"type-product","3":"status-publish","4":"has-post-thumbnail","6":"product_cat-deco-fr","7":"product_cat-miroirs-fr","8":"product_tag-hpfav-fr","9":"product_tag-disponible-immediatement","10":"product_tag-exclusive-fr","11":"product_tag-st-scandinavian-fr","12":"product_designer-daniel-hayden-fr","13":"manufacturer-daniel-hayden-atelier-fr","14":"reporting_designer-daniel-hayden","15":"exhibitions-londres-fr","17":"first","18":"instock","19":"taxable","20":"shipping-taxable","21":"purchasable","22":"product-type-variable"},"acf":[],"_links":{"self":[{"href":"https:\/\/theinvisiblecollection.com\/fr\/wp-json\/wp\/v2\/product\/5119652","targetHints":{"allow":["GET"]}}],"collection":[{"href":"https:\/\/theinvisiblecollection.com\/fr\/wp-json\/wp\/v2\/product"}],"about":[{"href":"https:\/\/theinvisiblecollection.com\/fr\/wp-json\/wp\/v2\/types\/product"}],"wp:featuredmedia":[{"embeddable":true,"href":"https:\/\/theinvisiblecollection.com\/fr\/wp-json\/wp\/v2\/media\/5119662"}],"wp:attachment":[{"href":"https:\/\/theinvisiblecollection.com\/fr\/wp-json\/wp\/v2\/media?parent=5119652"}],"wp:term":[{"taxonomy":"product_brand","embeddable":true,"href":"https:\/\/theinvisiblecollection.com\/fr\/wp-json\/wp\/v2\/product_brand?post=5119652"},{"taxonomy":"product_cat","embeddable":true,"href":"https:\/\/theinvisiblecollection.com\/fr\/wp-json\/wp\/v2\/product_cat?post=5119652"},{"taxonomy":"product_tag","embeddable":true,"href":"https:\/\/theinvisiblecollection.com\/fr\/wp-json\/wp\/v2\/product_tag?post=5119652"},{"taxonomy":"product_designer","embeddable":true,"href":"https:\/\/theinvisiblecollection.com\/fr\/wp-json\/wp\/v2\/product_designer?post=5119652"},{"taxonomy":"comfabric","embeddable":true,"href":"https:\/\/theinvisiblecollection.com\/fr\/wp-json\/wp\/v2\/comfabric?post=5119652"},{"taxonomy":"manufacturer","embeddable":true,"href":"https:\/\/theinvisiblecollection.com\/fr\/wp-json\/wp\/v2\/manufacturer?post=5119652"},{"taxonomy":"reporting_designer","embeddable":true,"href":"https:\/\/theinvisiblecollection.com\/fr\/wp-json\/wp\/v2\/reporting_designer?post=5119652"},{"taxonomy":"samplecomfabric","embeddable":true,"href":"https:\/\/theinvisiblecollection.com\/fr\/wp-json\/wp\/v2\/samplecomfabric?post=5119652"},{"taxonomy":"clubroom_product_designer","embeddable":true,"href":"https:\/\/theinvisiblecollection.com\/fr\/wp-json\/wp\/v2\/designer_clubroom?post=5119652"}],"curies":[{"name":"wp","href":"https:\/\/api.w.org\/{rel}","templated":true}]}}