{"id":5618388,"date":"2024-10-09T12:01:45","date_gmt":"2024-10-09T12:01:45","guid":{"rendered":"https:\/\/theinvisiblecollection.com\/?post_type=product&#038;p=5618388"},"modified":"2026-05-01T07:37:31","modified_gmt":"2026-05-01T07:37:31","slug":"sophie-dries-alia-vitae-tabouret-petra","status":"publish","type":"product","link":"https:\/\/theinvisiblecollection.com\/fr\/produit\/sophie-dries-alia-vitae-tabouret-petra\/","title":{"rendered":"Tabouret Petra"},"content":{"rendered":"<p style=\"text-align: justify;\">Des recherches approfondies sur les mat\u00e9riaux de la lampe Dora ont incit\u00e9 Alia Vit\u00e6 \u00e0 inviter l\u2019architecte et designer Sophie Dries \u00e0 s\u2019y int\u00e9resser \u00e9galement. Parall\u00e8lement, elle propose sa propre vision de ce mat\u00e9riau surprenant avec un tabouret et un miroir combinant l\u2019irr\u00e9gularit\u00e9 naturelle de la roche et l\u2019effet radical du geste du designer.<\/p>\n<p style=\"text-align: justify;\">La collection Petra est profond\u00e9ment respectueuse de l\u2019environnement en utilisant des mat\u00e9riaux doux et en privil\u00e9giant les mati\u00e8res premi\u00e8res d\u2019origine fran\u00e7aise, elle est r\u00e9alis\u00e9e dans un atelier d\u2019ile de France \u00e0 la main.<\/p>\n","protected":false},"excerpt":{"rendered":"<p>Des recherches approfondies sur les mat\u00e9riaux de la lampe Dora ont incit\u00e9 Alia Vit\u00e6 \u00e0 inviter l\u2019architecte et designer Sophie Dries \u00e0 s\u2019y int\u00e9resser \u00e9galement. Parall\u00e8lement, elle propose sa propre vision de ce mat\u00e9riau surprenant avec un tabouret et un miroir combinant l\u2019irr\u00e9gularit\u00e9 naturelle de la roche et l\u2019effet radical du geste du designer. La [&hellip;]<\/p>\n","protected":false},"featured_media":5618382,"template":"","meta":{"_acf_changed":false,"content-type":"","_themeisle_gutenberg_block_has_review":false},"product_brand":[],"product_cat":[8969,12499],"product_tag":[31477],"product_designer":[17359],"comfabric":[],"manufacturer":[31892],"reporting_designer":[37325],"samplecomfabric":[],"designer_clubroom":[],"class_list":{"0":"post-5618388","1":"product","2":"type-product","3":"status-publish","4":"has-post-thumbnail","6":"product_cat-ottomans-tabourets","7":"product_cat-assises","8":"product_tag-st-curvy-fr","9":"product_designer-sophie-dries-fr","10":"manufacturer-atelier-sophie-dries-tour-orion-fr","11":"reporting_designer-sophie-dries","13":"first","14":"instock","15":"taxable","16":"shipping-taxable","17":"purchasable","18":"product-type-simple"},"acf":[],"_links":{"self":[{"href":"https:\/\/theinvisiblecollection.com\/fr\/wp-json\/wp\/v2\/product\/5618388","targetHints":{"allow":["GET"]}}],"collection":[{"href":"https:\/\/theinvisiblecollection.com\/fr\/wp-json\/wp\/v2\/product"}],"about":[{"href":"https:\/\/theinvisiblecollection.com\/fr\/wp-json\/wp\/v2\/types\/product"}],"wp:featuredmedia":[{"embeddable":true,"href":"https:\/\/theinvisiblecollection.com\/fr\/wp-json\/wp\/v2\/media\/5618382"}],"wp:attachment":[{"href":"https:\/\/theinvisiblecollection.com\/fr\/wp-json\/wp\/v2\/media?parent=5618388"}],"wp:term":[{"taxonomy":"product_brand","embeddable":true,"href":"https:\/\/theinvisiblecollection.com\/fr\/wp-json\/wp\/v2\/product_brand?post=5618388"},{"taxonomy":"product_cat","embeddable":true,"href":"https:\/\/theinvisiblecollection.com\/fr\/wp-json\/wp\/v2\/product_cat?post=5618388"},{"taxonomy":"product_tag","embeddable":true,"href":"https:\/\/theinvisiblecollection.com\/fr\/wp-json\/wp\/v2\/product_tag?post=5618388"},{"taxonomy":"product_designer","embeddable":true,"href":"https:\/\/theinvisiblecollection.com\/fr\/wp-json\/wp\/v2\/product_designer?post=5618388"},{"taxonomy":"comfabric","embeddable":true,"href":"https:\/\/theinvisiblecollection.com\/fr\/wp-json\/wp\/v2\/comfabric?post=5618388"},{"taxonomy":"manufacturer","embeddable":true,"href":"https:\/\/theinvisiblecollection.com\/fr\/wp-json\/wp\/v2\/manufacturer?post=5618388"},{"taxonomy":"reporting_designer","embeddable":true,"href":"https:\/\/theinvisiblecollection.com\/fr\/wp-json\/wp\/v2\/reporting_designer?post=5618388"},{"taxonomy":"samplecomfabric","embeddable":true,"href":"https:\/\/theinvisiblecollection.com\/fr\/wp-json\/wp\/v2\/samplecomfabric?post=5618388"},{"taxonomy":"clubroom_product_designer","embeddable":true,"href":"https:\/\/theinvisiblecollection.com\/fr\/wp-json\/wp\/v2\/designer_clubroom?post=5618388"}],"curies":[{"name":"wp","href":"https:\/\/api.w.org\/{rel}","templated":true}]}}