{"id":56804,"date":"2016-10-13T15:09:40","date_gmt":"2016-10-13T14:09:40","guid":{"rendered":"https:\/\/www.theinvisiblecollection.com\/?post_type=product&#038;p=56804"},"modified":"2026-05-01T07:39:35","modified_gmt":"2026-05-01T07:39:35","slug":"jerome-faillant-dumas-commode-2","status":"publish","type":"product","link":"https:\/\/theinvisiblecollection.com\/fr\/produit\/jerome-faillant-dumas-commode-2\/","title":{"rendered":"Commode"},"content":{"rendered":"<p style=\"text-align: justify;\"><span class=\"TextRun SCXW200782311 BCX0\" lang=\"FR-FR\" xml:lang=\"FR-FR\" data-contrast=\"auto\"><span class=\"NormalTextRun SCXW200782311 BCX0\">La Commode de J\u00e9r\u00f4me Faillant-Dumas s\u2019impose comme une sculpture fonctionnelle, toute en justesse et en \u00e9quilibre. Pens\u00e9e dans une logique d\u2019\u00e9pure, elle magnifie la mati\u00e8re : une fine ligne centrale en laiton dor\u00e9 ou nickel argent\u00e9 traverse le meuble tel un trait graphique, presque silencieux. Le plateau est subtilement travaill\u00e9 en motif rayonnant, apportant une texture visuelle inspir\u00e9e des d\u00e9cors solaires de l\u2019Art d\u00e9co. Ses angles arrondis adoucissent l\u2019ensemble, et les tiroirs chanfrein\u00e9s s\u2019int\u00e8grent dans une parfaite harmonie. M\u00eame l\u2019arri\u00e8re du meuble, souvent n\u00e9glig\u00e9, est ici soign\u00e9 avec la m\u00eame exigence, permettant une pr\u00e9sentation libre dans l\u2019espace.\u00a0<\/span><\/span><span class=\"EOP SCXW200782311 BCX0\" data-ccp-props=\"{}\">\u00a0<\/span><\/p>\n","protected":false},"excerpt":{"rendered":"<p>Commode pr\u00e9sent\u00e9e ici en m\u00e9l\u00e8ze gris<br \/>\n\u00c9galement photographi\u00e9e en ch\u00eane de fil mat<br \/>\n<span style=\"text-decoration: underline;\"><span class=\"notion-enable-hover\" data-token-index=\"1\">D\u00e9couvrir la s\u00e9lection de bois ici<br \/>\n<\/span><\/span> Plateau travaill\u00e9 en soleil<br \/>\nD\u00e9tails et pi\u00e8tement en chrome brillant, \u00e9galement disponible en nickel<br \/>\nChaque pi\u00e8ce est unique en raison de sa nature artisanale, les formes et les teintes varient l\u00e9g\u00e8rement<br \/>\nDimensions et mat\u00e9riaux sur-mesure sur demande<\/p>\n<p>Disponible en deux dimensions :<br \/>\nPetite XS : L 120 x l 43 x H 85 cm<br \/>\nGrande XL : L 238 x l 43 x H 85 cm<\/p>\n<p>Fabriqu\u00e9e \u00e0 la main en France<br \/>\nD\u00e9lais de fabrication : 12 &#8211; 14 semaines<\/p>\n<p><a href=\"https:\/\/www.theinvisiblecollection.com\/fr\/contact-produit\/?product_id=37409\" target=\"_blank\" rel=\"noopener\">Contactez-nous pour toute demande de devis ou de renseignement<\/a><\/p>\n","protected":false},"featured_media":2475036,"template":"","meta":{"_acf_changed":false,"content-type":"","_themeisle_gutenberg_block_has_review":false},"product_brand":[],"product_cat":[8957,12505],"product_tag":[9016,9423,9424,10389,22790,31477,35326,8993,9001],"product_designer":[8887],"comfabric":[],"manufacturer":[],"reporting_designer":[37606],"samplecomfabric":[],"designer_clubroom":[],"class_list":{"0":"post-56804","1":"product","2":"type-product","3":"status-publish","4":"has-post-thumbnail","6":"product_cat-commodes","7":"product_cat-rangements","8":"product_tag-chambre-fr-2","9":"product_tag-storage","10":"product_tag-commode-fr","11":"product_tag-jerome-faillant-dumas-fr-fr","12":"product_tag-disponible-immediatement","13":"product_tag-st-curvy-fr","14":"product_tag-st-scandinavian-fr","15":"product_tag-salon","16":"product_tag-chene","17":"pa_base-chrome-brillant","18":"pa_base-nickel-fr","19":"pa_size-grand-fr","20":"pa_size-petit-fr","21":"product_designer-jerome-faillant-dumas-fr","22":"reporting_designer-jerome-faillant-dumas","23":"exhibitions-paris-fr","25":"first","26":"instock","27":"taxable","28":"shipping-taxable","29":"product-type-variable"},"acf":[],"_links":{"self":[{"href":"https:\/\/theinvisiblecollection.com\/fr\/wp-json\/wp\/v2\/product\/56804","targetHints":{"allow":["GET"]}}],"collection":[{"href":"https:\/\/theinvisiblecollection.com\/fr\/wp-json\/wp\/v2\/product"}],"about":[{"href":"https:\/\/theinvisiblecollection.com\/fr\/wp-json\/wp\/v2\/types\/product"}],"wp:featuredmedia":[{"embeddable":true,"href":"https:\/\/theinvisiblecollection.com\/fr\/wp-json\/wp\/v2\/media\/2475036"}],"wp:attachment":[{"href":"https:\/\/theinvisiblecollection.com\/fr\/wp-json\/wp\/v2\/media?parent=56804"}],"wp:term":[{"taxonomy":"product_brand","embeddable":true,"href":"https:\/\/theinvisiblecollection.com\/fr\/wp-json\/wp\/v2\/product_brand?post=56804"},{"taxonomy":"product_cat","embeddable":true,"href":"https:\/\/theinvisiblecollection.com\/fr\/wp-json\/wp\/v2\/product_cat?post=56804"},{"taxonomy":"product_tag","embeddable":true,"href":"https:\/\/theinvisiblecollection.com\/fr\/wp-json\/wp\/v2\/product_tag?post=56804"},{"taxonomy":"product_designer","embeddable":true,"href":"https:\/\/theinvisiblecollection.com\/fr\/wp-json\/wp\/v2\/product_designer?post=56804"},{"taxonomy":"comfabric","embeddable":true,"href":"https:\/\/theinvisiblecollection.com\/fr\/wp-json\/wp\/v2\/comfabric?post=56804"},{"taxonomy":"manufacturer","embeddable":true,"href":"https:\/\/theinvisiblecollection.com\/fr\/wp-json\/wp\/v2\/manufacturer?post=56804"},{"taxonomy":"reporting_designer","embeddable":true,"href":"https:\/\/theinvisiblecollection.com\/fr\/wp-json\/wp\/v2\/reporting_designer?post=56804"},{"taxonomy":"samplecomfabric","embeddable":true,"href":"https:\/\/theinvisiblecollection.com\/fr\/wp-json\/wp\/v2\/samplecomfabric?post=56804"},{"taxonomy":"clubroom_product_designer","embeddable":true,"href":"https:\/\/theinvisiblecollection.com\/fr\/wp-json\/wp\/v2\/designer_clubroom?post=56804"}],"curies":[{"name":"wp","href":"https:\/\/api.w.org\/{rel}","templated":true}]}}