{"id":5727539,"date":"2025-02-26T16:01:27","date_gmt":"2025-02-26T16:01:27","guid":{"rendered":"https:\/\/theinvisiblecollection.com\/?post_type=product&#038;p=5727539"},"modified":"2026-05-01T07:37:23","modified_gmt":"2026-05-01T07:37:23","slug":"garce-dimofski-table-tannou","status":"publish","type":"product","link":"https:\/\/theinvisiblecollection.com\/fr\/produit\/garce-dimofski-table-tannou\/","title":{"rendered":"Table Tannou"},"content":{"rendered":"<p style=\"text-align: justify;\">Cette table capture l\u2019essence de la nature en c\u00e9ramique \u00e9maill\u00e9e. Le plateau organique se d\u00e9ploie en lignes douces et terreuses, tandis que les teintes vertes et sourdes du pi\u00e8tement \u00e9voquent la roche patin\u00e9e par le temps. Confectionn\u00e9e avec une pr\u00e9cision d\u00e9licate, elle allie beaut\u00e9 brute et savoir-faire raffin\u00e9.<\/p>\n","protected":false},"excerpt":{"rendered":"<p>Cette table capture l\u2019essence de la nature en c\u00e9ramique \u00e9maill\u00e9e. Le plateau organique se d\u00e9ploie en lignes douces et terreuses, tandis que les teintes vertes et sourdes du pi\u00e8tement \u00e9voquent la roche patin\u00e9e par le temps. Confectionn\u00e9e avec une pr\u00e9cision d\u00e9licate, elle allie beaut\u00e9 brute et savoir-faire raffin\u00e9.<\/p>\n","protected":false},"featured_media":5903556,"template":"","meta":{"_acf_changed":false,"content-type":"","_themeisle_gutenberg_block_has_review":false},"product_brand":[],"product_cat":[8977,12503],"product_tag":[31474,31475,31477,9644,14925],"product_designer":[15857],"comfabric":[],"manufacturer":[22038],"reporting_designer":[37464],"samplecomfabric":[],"designer_clubroom":[],"class_list":{"0":"post-5727539","1":"product","2":"type-product","3":"status-publish","4":"has-post-thumbnail","6":"product_cat-tables-salle-a-manger","7":"product_cat-tables-fr","8":"product_tag-co-white-fr","9":"product_tag-st-ceramic-fr","10":"product_tag-st-curvy-fr","11":"product_tag-necessaires","12":"product_tag-hpfav-fr","13":"product_designer-garce-dimofski-fr","14":"manufacturer-garc-dimofski-atelier-so-pedro-da-cova-fr","15":"reporting_designer-garce-dimofski-fr","17":"first","18":"onbackorder","19":"taxable","20":"shipping-taxable","21":"purchasable","22":"product-type-simple"},"acf":[],"_links":{"self":[{"href":"https:\/\/theinvisiblecollection.com\/fr\/wp-json\/wp\/v2\/product\/5727539","targetHints":{"allow":["GET"]}}],"collection":[{"href":"https:\/\/theinvisiblecollection.com\/fr\/wp-json\/wp\/v2\/product"}],"about":[{"href":"https:\/\/theinvisiblecollection.com\/fr\/wp-json\/wp\/v2\/types\/product"}],"wp:featuredmedia":[{"embeddable":true,"href":"https:\/\/theinvisiblecollection.com\/fr\/wp-json\/wp\/v2\/media\/5903556"}],"wp:attachment":[{"href":"https:\/\/theinvisiblecollection.com\/fr\/wp-json\/wp\/v2\/media?parent=5727539"}],"wp:term":[{"taxonomy":"product_brand","embeddable":true,"href":"https:\/\/theinvisiblecollection.com\/fr\/wp-json\/wp\/v2\/product_brand?post=5727539"},{"taxonomy":"product_cat","embeddable":true,"href":"https:\/\/theinvisiblecollection.com\/fr\/wp-json\/wp\/v2\/product_cat?post=5727539"},{"taxonomy":"product_tag","embeddable":true,"href":"https:\/\/theinvisiblecollection.com\/fr\/wp-json\/wp\/v2\/product_tag?post=5727539"},{"taxonomy":"product_designer","embeddable":true,"href":"https:\/\/theinvisiblecollection.com\/fr\/wp-json\/wp\/v2\/product_designer?post=5727539"},{"taxonomy":"comfabric","embeddable":true,"href":"https:\/\/theinvisiblecollection.com\/fr\/wp-json\/wp\/v2\/comfabric?post=5727539"},{"taxonomy":"manufacturer","embeddable":true,"href":"https:\/\/theinvisiblecollection.com\/fr\/wp-json\/wp\/v2\/manufacturer?post=5727539"},{"taxonomy":"reporting_designer","embeddable":true,"href":"https:\/\/theinvisiblecollection.com\/fr\/wp-json\/wp\/v2\/reporting_designer?post=5727539"},{"taxonomy":"samplecomfabric","embeddable":true,"href":"https:\/\/theinvisiblecollection.com\/fr\/wp-json\/wp\/v2\/samplecomfabric?post=5727539"},{"taxonomy":"clubroom_product_designer","embeddable":true,"href":"https:\/\/theinvisiblecollection.com\/fr\/wp-json\/wp\/v2\/designer_clubroom?post=5727539"}],"curies":[{"name":"wp","href":"https:\/\/api.w.org\/{rel}","templated":true}]}}