{"id":5729977,"date":"2025-01-23T15:48:40","date_gmt":"2025-01-23T15:48:40","guid":{"rendered":"https:\/\/theinvisiblecollection.com\/?post_type=product&#038;p=5729977"},"modified":"2026-05-01T07:37:23","modified_gmt":"2026-05-01T07:37:23","slug":"mobilier-national-elisa-uberti-lampe-jeanne-3","status":"publish","type":"product","link":"https:\/\/theinvisiblecollection.com\/fr\/produit\/mobilier-national-elisa-uberti-lampe-jeanne-3\/","title":{"rendered":"Lampe Jeanne # 3"},"content":{"rendered":"<p style=\"text-align: justify;\">Fruit des derniers projets d\u2019Elisa Uberti, la lampe Jeanne #3 est fabriqu\u00e9e \u00e0 la main en gr\u00e8s blanc et fils de laine. Elle s\u2019inspire d\u2019un voyage en Afrique,\u00a0\u00a0o\u00f9 les mangroves semblent danser sur l\u2019eau et o\u00f9 les paysages \u00e9veillent une douceur \u00e9nergisante et spirituelle. Une tendresse primitive infusant une \u00e9nergie solaire. Le design de cette lampe offre un volume na\u00eff et enveloppant.\u00a0Cette combinaison de mati\u00e8res et de formes \u00e9voque une symbiose avec la nature et une connexion profonde avec l\u2019essence du temps qui s\u2019\u00e9coule, repr\u00e9sent\u00e9e par les fils de laine. Elle incarne le souvenir \u00e9mu d\u2019une contr\u00e9e lointaine et transporte dans un voyage int\u00e9rieur \u00e9voquant des souvenirs et des \u00e9motions empreint de d\u00e9licatesse et de po\u00e9sie.<\/p>\n","protected":false},"excerpt":{"rendered":"<p>Fruit des derniers projets d\u2019Elisa Uberti, la lampe Jeanne #3 est fabriqu\u00e9e \u00e0 la main en gr\u00e8s blanc et fils de laine. Elle s\u2019inspire d\u2019un voyage en Afrique,\u00a0\u00a0o\u00f9 les mangroves semblent danser sur l\u2019eau et o\u00f9 les paysages \u00e9veillent une douceur \u00e9nergisante et spirituelle. Une tendresse primitive infusant une \u00e9nergie solaire. Le design de cette [&hellip;]<\/p>\n","protected":false},"featured_media":5729981,"template":"","meta":{"_acf_changed":false,"content-type":"","_themeisle_gutenberg_block_has_review":false},"product_brand":[],"product_cat":[8974,12507],"product_tag":[20434,33319],"product_designer":[20441,33173],"comfabric":[],"manufacturer":[33175],"reporting_designer":[37856],"samplecomfabric":[],"designer_clubroom":[],"class_list":{"0":"post-5729977","1":"product","2":"type-product","3":"status-publish","4":"has-post-thumbnail","6":"product_cat-lampes-de-table","7":"product_cat-luminaires","8":"product_tag-mobilier-national-fr","9":"product_tag-edition-limitee","10":"product_designer-mobilier-national-fr","11":"product_designer-elisa-uberti-fr","12":"manufacturer-elisa-uberti-atelier-fr","13":"reporting_designer-elisa-uberti","15":"first","16":"instock","17":"taxable","18":"shipping-taxable","19":"purchasable","20":"product-type-simple"},"acf":[],"_links":{"self":[{"href":"https:\/\/theinvisiblecollection.com\/fr\/wp-json\/wp\/v2\/product\/5729977","targetHints":{"allow":["GET"]}}],"collection":[{"href":"https:\/\/theinvisiblecollection.com\/fr\/wp-json\/wp\/v2\/product"}],"about":[{"href":"https:\/\/theinvisiblecollection.com\/fr\/wp-json\/wp\/v2\/types\/product"}],"wp:featuredmedia":[{"embeddable":true,"href":"https:\/\/theinvisiblecollection.com\/fr\/wp-json\/wp\/v2\/media\/5729981"}],"wp:attachment":[{"href":"https:\/\/theinvisiblecollection.com\/fr\/wp-json\/wp\/v2\/media?parent=5729977"}],"wp:term":[{"taxonomy":"product_brand","embeddable":true,"href":"https:\/\/theinvisiblecollection.com\/fr\/wp-json\/wp\/v2\/product_brand?post=5729977"},{"taxonomy":"product_cat","embeddable":true,"href":"https:\/\/theinvisiblecollection.com\/fr\/wp-json\/wp\/v2\/product_cat?post=5729977"},{"taxonomy":"product_tag","embeddable":true,"href":"https:\/\/theinvisiblecollection.com\/fr\/wp-json\/wp\/v2\/product_tag?post=5729977"},{"taxonomy":"product_designer","embeddable":true,"href":"https:\/\/theinvisiblecollection.com\/fr\/wp-json\/wp\/v2\/product_designer?post=5729977"},{"taxonomy":"comfabric","embeddable":true,"href":"https:\/\/theinvisiblecollection.com\/fr\/wp-json\/wp\/v2\/comfabric?post=5729977"},{"taxonomy":"manufacturer","embeddable":true,"href":"https:\/\/theinvisiblecollection.com\/fr\/wp-json\/wp\/v2\/manufacturer?post=5729977"},{"taxonomy":"reporting_designer","embeddable":true,"href":"https:\/\/theinvisiblecollection.com\/fr\/wp-json\/wp\/v2\/reporting_designer?post=5729977"},{"taxonomy":"samplecomfabric","embeddable":true,"href":"https:\/\/theinvisiblecollection.com\/fr\/wp-json\/wp\/v2\/samplecomfabric?post=5729977"},{"taxonomy":"clubroom_product_designer","embeddable":true,"href":"https:\/\/theinvisiblecollection.com\/fr\/wp-json\/wp\/v2\/designer_clubroom?post=5729977"}],"curies":[{"name":"wp","href":"https:\/\/api.w.org\/{rel}","templated":true}]}}