{"id":5858597,"date":"2025-08-19T15:39:57","date_gmt":"2025-08-19T15:39:57","guid":{"rendered":"https:\/\/theinvisiblecollection.com\/?post_type=product&#038;p=5858597"},"modified":"2026-05-01T07:37:13","modified_gmt":"2026-05-01T07:37:13","slug":"design-du-xx%e1%b5%89-siecle-paire-de-bergeres-costela-de-carlos-hauner-martin-eisler","status":"publish","type":"product","link":"https:\/\/theinvisiblecollection.com\/fr\/produit\/design-du-xx%e1%b5%89-siecle-paire-de-bergeres-costela-de-carlos-hauner-martin-eisler\/","title":{"rendered":"Paire De Berg\u00e8res Costela De Carlos Hauner &#038; Martin Eisler"},"content":{"rendered":"<p><span data-contrast=\"auto\">Cr\u00e9\u00e9 dans les ann\u00e9es 1950 par Carlo Hauner en collaboration avec le c\u00e9l\u00e8bre architecte Martin Eisler, le fauteuil Costela incarne l\u2019audace du design br\u00e9silien. Inspir\u00e9 par la structure squelettique des c\u00f4tes humaines, ce fauteuil r\u00e9volutionnaire allie \u00e9l\u00e9gance et confort, devenant rapidement une ic\u00f4ne du modernisme br\u00e9silien. Le fauteuil Costela repr\u00e9sente ainsi un moment charni\u00e8re dans l\u2019histoire du design, marquant une fusion r\u00e9ussie entre esth\u00e9tique contemporaine et influences organiques, tout en offrant un confort exceptionnel.<\/span><br \/>\n<span data-contrast=\"auto\">Carlo Hauner (1927-1996) \u00e9tait un designer italien renomm\u00e9 qui s\u2019installe au Br\u00e9sil en 1948 et se fait conna\u00eetre pour son r\u00f4le dans le mouvement moderniste br\u00e9silien. Cofondateur de Mobilia \u00e0 S\u00e3o Paulo, il a marqu\u00e9 le monde du design par ses cr\u00e9ations \u00e9l\u00e9gantes et fonctionnelles, m\u00ealant influences europ\u00e9ennes, mat\u00e9riaux et traditions br\u00e9siliennes. Il a \u00e9galement explor\u00e9 diverses techniques artistiques dont la peinture, laissant derri\u00e8re lui un h\u00e9ritage unique dans le domaine du design et de l\u2019art.<\/span><span data-ccp-props=\"{&quot;134233117&quot;:false,&quot;134233118&quot;:false,&quot;201341983&quot;:0,&quot;335551550&quot;:1,&quot;335551620&quot;:1,&quot;335559685&quot;:0,&quot;335559737&quot;:0,&quot;335559738&quot;:0,&quot;335559739&quot;:0,&quot;335559740&quot;:240}\">\u00a0<\/span><\/p>\n<p>Ces fauteuils font partie d\u2019une collection de cr\u00e9ations du XX\u1d49 si\u00e8cle, s\u00e9lectionn\u00e9es et restaur\u00e9es avec le plus grand soin par Jouffre, qui en assurera \u00e9galement le rev\u00eatement expert dans le tissu choisi par le client.<\/p>\n","protected":false},"excerpt":{"rendered":"<p>Cr\u00e9\u00e9 dans les ann\u00e9es 1950 par Carlo Hauner en collaboration avec le c\u00e9l\u00e8bre architecte Martin Eisler, le fauteuil Costela incarne l\u2019audace du design br\u00e9silien. Inspir\u00e9 par la structure squelettique des c\u00f4tes humaines, ce fauteuil r\u00e9volutionnaire allie \u00e9l\u00e9gance et confort, devenant rapidement une ic\u00f4ne du modernisme br\u00e9silien. Le fauteuil Costela repr\u00e9sente ainsi un moment charni\u00e8re dans [&hellip;]<\/p>\n","protected":false},"featured_media":5858608,"template":"","meta":{"_acf_changed":false,"content-type":"","_themeisle_gutenberg_block_has_review":false},"product_brand":[],"product_cat":[8945,12499],"product_tag":[10396,22790,35206],"product_designer":[35175],"comfabric":[],"manufacturer":[35169],"reporting_designer":[37560],"samplecomfabric":[],"designer_clubroom":[],"class_list":{"0":"post-5858597","1":"product","2":"type-product","3":"status-publish","4":"has-post-thumbnail","6":"product_cat-fauteuils","7":"product_cat-assises","8":"product_tag-vintage-fr-2","9":"product_tag-disponible-immediatement","10":"product_tag-exclusive-fr","11":"product_designer-design-du-xx-siecle","12":"manufacturer-jouffre-tribeca-penthouse-fr","13":"reporting_designer-design-du-xx-e-siecle","14":"exhibitions-new-york-fr","16":"first","17":"instock","18":"taxable","19":"shipping-taxable","20":"purchasable","21":"product-type-simple"},"acf":[],"_links":{"self":[{"href":"https:\/\/theinvisiblecollection.com\/fr\/wp-json\/wp\/v2\/product\/5858597","targetHints":{"allow":["GET"]}}],"collection":[{"href":"https:\/\/theinvisiblecollection.com\/fr\/wp-json\/wp\/v2\/product"}],"about":[{"href":"https:\/\/theinvisiblecollection.com\/fr\/wp-json\/wp\/v2\/types\/product"}],"wp:featuredmedia":[{"embeddable":true,"href":"https:\/\/theinvisiblecollection.com\/fr\/wp-json\/wp\/v2\/media\/5858608"}],"wp:attachment":[{"href":"https:\/\/theinvisiblecollection.com\/fr\/wp-json\/wp\/v2\/media?parent=5858597"}],"wp:term":[{"taxonomy":"product_brand","embeddable":true,"href":"https:\/\/theinvisiblecollection.com\/fr\/wp-json\/wp\/v2\/product_brand?post=5858597"},{"taxonomy":"product_cat","embeddable":true,"href":"https:\/\/theinvisiblecollection.com\/fr\/wp-json\/wp\/v2\/product_cat?post=5858597"},{"taxonomy":"product_tag","embeddable":true,"href":"https:\/\/theinvisiblecollection.com\/fr\/wp-json\/wp\/v2\/product_tag?post=5858597"},{"taxonomy":"product_designer","embeddable":true,"href":"https:\/\/theinvisiblecollection.com\/fr\/wp-json\/wp\/v2\/product_designer?post=5858597"},{"taxonomy":"comfabric","embeddable":true,"href":"https:\/\/theinvisiblecollection.com\/fr\/wp-json\/wp\/v2\/comfabric?post=5858597"},{"taxonomy":"manufacturer","embeddable":true,"href":"https:\/\/theinvisiblecollection.com\/fr\/wp-json\/wp\/v2\/manufacturer?post=5858597"},{"taxonomy":"reporting_designer","embeddable":true,"href":"https:\/\/theinvisiblecollection.com\/fr\/wp-json\/wp\/v2\/reporting_designer?post=5858597"},{"taxonomy":"samplecomfabric","embeddable":true,"href":"https:\/\/theinvisiblecollection.com\/fr\/wp-json\/wp\/v2\/samplecomfabric?post=5858597"},{"taxonomy":"clubroom_product_designer","embeddable":true,"href":"https:\/\/theinvisiblecollection.com\/fr\/wp-json\/wp\/v2\/designer_clubroom?post=5858597"}],"curies":[{"name":"wp","href":"https:\/\/api.w.org\/{rel}","templated":true}]}}