{"id":5876808,"date":"2025-12-01T14:35:54","date_gmt":"2025-12-01T14:35:54","guid":{"rendered":"https:\/\/theinvisiblecollection.com\/?post_type=product&#038;p=5876808"},"modified":"2026-05-01T07:37:11","modified_gmt":"2026-05-01T07:37:11","slug":"noe-duchaufour-lawrence-table-basse-squircle-madonna-del-monte","status":"publish","type":"product","link":"https:\/\/theinvisiblecollection.com\/fr\/produit\/noe-duchaufour-lawrence-table-basse-squircle-madonna-del-monte\/","title":{"rendered":"Table Basse Squircle Madonna Del Monte"},"content":{"rendered":"<p><span data-contrast=\"none\">Au d\u00e9part, l\u2019inspiration est venue du travail de la photographe Lucie Jean intitul\u00e9 \u00ab\u202fDown by the Water\u202f\u00bb, qui se concentre sur une petite \u00eele de la lagune v\u00e9nitienne appel\u00e9e \u00ab\u202fMadonna\u00a0del\u00a0Monte\u202f\u00bb.<\/span><span data-ccp-props=\"{}\">\u00a0<\/span><\/p>\n<p><span data-contrast=\"none\">\u00ab\u202fJ\u2019ai \u00e9t\u00e9 touch\u00e9 par le mouvement de l\u2019eau, en m\u2019ancrant sur les rives de cette \u00eele abandonn\u00e9e apr\u00e8s la travers\u00e9e en vaporetto de la lagune. J\u2019ai \u00e9galement aim\u00e9 le contraste des textures entre les \u00e9l\u00e9ments liquides, le ciel nuageux et les murs de briques en ruine.\u202f\u00bb \u2013 No\u00e9\u00a0Duchaufour-Lawrance<\/span><span data-ccp-props=\"{}\">\u00a0<\/span><\/p>\n","protected":false},"excerpt":{"rendered":"<p>Au d\u00e9part, l\u2019inspiration est venue du travail de la photographe Lucie Jean intitul\u00e9 \u00ab\u202fDown by the Water\u202f\u00bb, qui se concentre sur une petite \u00eele de la lagune v\u00e9nitienne appel\u00e9e \u00ab\u202fMadonna\u00a0del\u00a0Monte\u202f\u00bb.\u00a0 \u00ab\u202fJ\u2019ai \u00e9t\u00e9 touch\u00e9 par le mouvement de l\u2019eau, en m\u2019ancrant sur les rives de cette \u00eele abandonn\u00e9e apr\u00e8s la travers\u00e9e en vaporetto de la lagune. [&hellip;]<\/p>\n","protected":false},"featured_media":5876792,"template":"","meta":{"_acf_changed":false,"content-type":"","_themeisle_gutenberg_block_has_review":false},"product_brand":[],"product_cat":[7509,12503],"product_tag":[9060,9066,22790,33319],"product_designer":[18423],"comfabric":[],"manufacturer":[36103],"reporting_designer":[37745],"samplecomfabric":[],"designer_clubroom":[],"class_list":{"0":"post-5876808","1":"product","2":"type-product","3":"status-publish","4":"has-post-thumbnail","6":"product_cat-tables-basses-dappoint","7":"product_cat-tables-fr","8":"product_tag-verre","9":"product_tag-table-basse","10":"product_tag-disponible-immediatement","11":"product_tag-edition-limitee","12":"pa_size-l-280-x-l-100-x-h-80-fr","13":"pa_size-moyenne-l-70-x-l-82-x-h-41-cm","14":"product_designer-noe-duchaufour-lawrance-fr","15":"manufacturer-ndl-showroom-fr","16":"reporting_designer-noe-duchaufour-lawrance","18":"first","19":"instock","20":"taxable","21":"shipping-taxable","22":"purchasable","23":"product-type-variable"},"acf":[],"_links":{"self":[{"href":"https:\/\/theinvisiblecollection.com\/fr\/wp-json\/wp\/v2\/product\/5876808","targetHints":{"allow":["GET"]}}],"collection":[{"href":"https:\/\/theinvisiblecollection.com\/fr\/wp-json\/wp\/v2\/product"}],"about":[{"href":"https:\/\/theinvisiblecollection.com\/fr\/wp-json\/wp\/v2\/types\/product"}],"wp:featuredmedia":[{"embeddable":true,"href":"https:\/\/theinvisiblecollection.com\/fr\/wp-json\/wp\/v2\/media\/5876792"}],"wp:attachment":[{"href":"https:\/\/theinvisiblecollection.com\/fr\/wp-json\/wp\/v2\/media?parent=5876808"}],"wp:term":[{"taxonomy":"product_brand","embeddable":true,"href":"https:\/\/theinvisiblecollection.com\/fr\/wp-json\/wp\/v2\/product_brand?post=5876808"},{"taxonomy":"product_cat","embeddable":true,"href":"https:\/\/theinvisiblecollection.com\/fr\/wp-json\/wp\/v2\/product_cat?post=5876808"},{"taxonomy":"product_tag","embeddable":true,"href":"https:\/\/theinvisiblecollection.com\/fr\/wp-json\/wp\/v2\/product_tag?post=5876808"},{"taxonomy":"product_designer","embeddable":true,"href":"https:\/\/theinvisiblecollection.com\/fr\/wp-json\/wp\/v2\/product_designer?post=5876808"},{"taxonomy":"comfabric","embeddable":true,"href":"https:\/\/theinvisiblecollection.com\/fr\/wp-json\/wp\/v2\/comfabric?post=5876808"},{"taxonomy":"manufacturer","embeddable":true,"href":"https:\/\/theinvisiblecollection.com\/fr\/wp-json\/wp\/v2\/manufacturer?post=5876808"},{"taxonomy":"reporting_designer","embeddable":true,"href":"https:\/\/theinvisiblecollection.com\/fr\/wp-json\/wp\/v2\/reporting_designer?post=5876808"},{"taxonomy":"samplecomfabric","embeddable":true,"href":"https:\/\/theinvisiblecollection.com\/fr\/wp-json\/wp\/v2\/samplecomfabric?post=5876808"},{"taxonomy":"clubroom_product_designer","embeddable":true,"href":"https:\/\/theinvisiblecollection.com\/fr\/wp-json\/wp\/v2\/designer_clubroom?post=5876808"}],"curies":[{"name":"wp","href":"https:\/\/api.w.org\/{rel}","templated":true}]}}