{"id":5880229,"date":"2025-12-12T10:02:43","date_gmt":"2025-12-12T10:02:43","guid":{"rendered":"https:\/\/theinvisiblecollection.com\/?post_type=product&#038;p=5880229"},"modified":"2026-05-01T07:37:08","modified_gmt":"2026-05-01T07:37:08","slug":"diurne-tapis-alla-prima","status":"publish","type":"product","link":"https:\/\/theinvisiblecollection.com\/fr\/produit\/diurne-tapis-alla-prima\/","title":{"rendered":"Tapis Alla Prima"},"content":{"rendered":"<p>Pour donner naissance aux dessins \u00e9pur\u00e9s de la collection Echo, g\u00e9n\u00e9rant aussi bien des paysages abstraits que des vibrations optiques, Studio KO s\u2019est inspir\u00e9 des grandes figures de l\u2019art minimaliste et conceptuel du XXe si\u00e8cle. Graphismes doux et fondus, tonalit\u00e9s neutres, travail sur la lumi\u00e8re, tissages pr\u00e9cieux\u2026 Il y a de la force et de la sobri\u00e9t\u00e9 dans la collection Echo, une fluidit\u00e9 qui invite \u00e0 la contemplation, voire \u00e0 la m\u00e9ditation.<\/p>\n","protected":false},"excerpt":{"rendered":"<p>Tapis nou\u00e9 \u00e0 la main<br \/>\n80% laine, 20% soie<br \/>\n100 000 n\u0153uds tib\u00e9tain<br \/>\nDimensions et couleurs sur-mesure sur demande<\/p>\n<p>L 250 x l 300 cm<\/p>\n<p>Nou\u00e9 \u00e0 la main au N\u00e9pal<br \/>\nD\u00e9lais de fabrication : 18 semaines<\/p>\n<p class=\"p1\"><span style=\"text-decoration: underline;\"><span class=\"s1\"><a href=\"https:\/\/www.theinvisiblecollection.com\/demande-de-devis\/?product_id=135531\" target=\"_blank\" rel=\"noopener\">Contactez-nous pour toute demande de devis ou de renseignements<\/a><\/span><\/span><\/p>\n","protected":false},"featured_media":5880235,"template":"","meta":{"_acf_changed":false,"content-type":"","_themeisle_gutenberg_block_has_review":false},"product_brand":[],"product_cat":[8183,12540],"product_tag":[22790],"product_designer":[17629],"comfabric":[],"manufacturer":[17631],"reporting_designer":[37796],"samplecomfabric":[],"designer_clubroom":[],"class_list":{"0":"post-5880229","1":"product","2":"type-product","3":"status-publish","4":"has-post-thumbnail","6":"product_cat-tapis-noues-a-la-main","7":"product_cat-tapis-fr","8":"product_tag-disponible-immediatement","9":"pa_size-dimensions-standards","10":"pa_size-dimensions-sur-mesure-fr","11":"product_designer-diurne-fr","12":"manufacturer-diurne-fr","13":"reporting_designer-diurne","14":"exhibitions-paris-fr","16":"first","17":"instock","18":"taxable","19":"shipping-taxable","20":"purchasable","21":"product-type-variable"},"acf":[],"_links":{"self":[{"href":"https:\/\/theinvisiblecollection.com\/fr\/wp-json\/wp\/v2\/product\/5880229","targetHints":{"allow":["GET"]}}],"collection":[{"href":"https:\/\/theinvisiblecollection.com\/fr\/wp-json\/wp\/v2\/product"}],"about":[{"href":"https:\/\/theinvisiblecollection.com\/fr\/wp-json\/wp\/v2\/types\/product"}],"wp:featuredmedia":[{"embeddable":true,"href":"https:\/\/theinvisiblecollection.com\/fr\/wp-json\/wp\/v2\/media\/5880235"}],"wp:attachment":[{"href":"https:\/\/theinvisiblecollection.com\/fr\/wp-json\/wp\/v2\/media?parent=5880229"}],"wp:term":[{"taxonomy":"product_brand","embeddable":true,"href":"https:\/\/theinvisiblecollection.com\/fr\/wp-json\/wp\/v2\/product_brand?post=5880229"},{"taxonomy":"product_cat","embeddable":true,"href":"https:\/\/theinvisiblecollection.com\/fr\/wp-json\/wp\/v2\/product_cat?post=5880229"},{"taxonomy":"product_tag","embeddable":true,"href":"https:\/\/theinvisiblecollection.com\/fr\/wp-json\/wp\/v2\/product_tag?post=5880229"},{"taxonomy":"product_designer","embeddable":true,"href":"https:\/\/theinvisiblecollection.com\/fr\/wp-json\/wp\/v2\/product_designer?post=5880229"},{"taxonomy":"comfabric","embeddable":true,"href":"https:\/\/theinvisiblecollection.com\/fr\/wp-json\/wp\/v2\/comfabric?post=5880229"},{"taxonomy":"manufacturer","embeddable":true,"href":"https:\/\/theinvisiblecollection.com\/fr\/wp-json\/wp\/v2\/manufacturer?post=5880229"},{"taxonomy":"reporting_designer","embeddable":true,"href":"https:\/\/theinvisiblecollection.com\/fr\/wp-json\/wp\/v2\/reporting_designer?post=5880229"},{"taxonomy":"samplecomfabric","embeddable":true,"href":"https:\/\/theinvisiblecollection.com\/fr\/wp-json\/wp\/v2\/samplecomfabric?post=5880229"},{"taxonomy":"clubroom_product_designer","embeddable":true,"href":"https:\/\/theinvisiblecollection.com\/fr\/wp-json\/wp\/v2\/designer_clubroom?post=5880229"}],"curies":[{"name":"wp","href":"https:\/\/api.w.org\/{rel}","templated":true}]}}