{"id":5892439,"date":"2026-02-11T14:22:00","date_gmt":"2026-02-11T14:22:00","guid":{"rendered":"https:\/\/theinvisiblecollection.com\/?post_type=product&#038;p=5892439"},"modified":"2026-05-01T07:37:05","modified_gmt":"2026-05-01T07:37:05","slug":"garce-dimofski-applique-francis","status":"publish","type":"product","link":"https:\/\/theinvisiblecollection.com\/fr\/produit\/garce-dimofski-applique-francis\/","title":{"rendered":"Applique Francis"},"content":{"rendered":"<p class=\"preFade fadeIn\" data-rte-preserve-empty=\"true\">L&#8217;applique murale Francis de Garc\u00e9 Dimofski est con\u00e7ue comme un objet sculptural en c\u00e9ramique qui diffuse \u00e9galement de la lumi\u00e8re. Fa\u00e7onn\u00e9e \u00e0 la main et recouverte d&#8217;un vernis doux et stratifi\u00e9, sa surface pr\u00e9sente de subtiles variations de tons qui r\u00e9v\u00e8lent les gestes de sa fabrication. Sa forme incurv\u00e9e diffuse doucement la lumi\u00e8re, cr\u00e9ant une pr\u00e9sence chaleureuse et atmosph\u00e9rique sur le mur. \u00c0 la fois fonctionnel et expressif, Francis apporte une sensibilit\u00e9 architecturale et artisanale aux int\u00e9rieurs, o\u00f9 la lumi\u00e8re, la texture et la forme sont indissociables.<\/p>\n","protected":false},"excerpt":{"rendered":"<p>L&#8217;applique murale Francis de Garc\u00e9 Dimofski est con\u00e7ue comme un objet sculptural en c\u00e9ramique qui diffuse \u00e9galement de la lumi\u00e8re. Fa\u00e7onn\u00e9e \u00e0 la main et recouverte d&#8217;un vernis doux et stratifi\u00e9, sa surface pr\u00e9sente de subtiles variations de tons qui r\u00e9v\u00e8lent les gestes de sa fabrication. Sa forme incurv\u00e9e diffuse doucement la lumi\u00e8re, cr\u00e9ant une [&hellip;]<\/p>\n","protected":false},"featured_media":5892461,"template":"","meta":{"_acf_changed":false,"content-type":"","_themeisle_gutenberg_block_has_review":false},"product_brand":[],"product_cat":[8975,12507],"product_tag":[9200,22681,31474,31475,31476,35206],"product_designer":[15857],"comfabric":[],"manufacturer":[22038],"reporting_designer":[37464],"samplecomfabric":[],"designer_clubroom":[],"class_list":{"0":"post-5892439","1":"product","2":"type-product","3":"status-publish","4":"has-post-thumbnail","6":"product_cat-appliques-murales","7":"product_cat-luminaires","8":"product_tag-luminaire-fr-2","9":"product_tag-applique-fr-2","10":"product_tag-co-white-fr","11":"product_tag-st-ceramic-fr","12":"product_tag-st-collectible-fr","13":"product_tag-exclusive-fr","14":"product_designer-garce-dimofski-fr","15":"manufacturer-garc-dimofski-atelier-so-pedro-da-cova-fr","16":"reporting_designer-garce-dimofski-fr","18":"first","19":"instock","20":"taxable","21":"shipping-taxable","22":"product-type-variable"},"acf":[],"_links":{"self":[{"href":"https:\/\/theinvisiblecollection.com\/fr\/wp-json\/wp\/v2\/product\/5892439","targetHints":{"allow":["GET"]}}],"collection":[{"href":"https:\/\/theinvisiblecollection.com\/fr\/wp-json\/wp\/v2\/product"}],"about":[{"href":"https:\/\/theinvisiblecollection.com\/fr\/wp-json\/wp\/v2\/types\/product"}],"wp:featuredmedia":[{"embeddable":true,"href":"https:\/\/theinvisiblecollection.com\/fr\/wp-json\/wp\/v2\/media\/5892461"}],"wp:attachment":[{"href":"https:\/\/theinvisiblecollection.com\/fr\/wp-json\/wp\/v2\/media?parent=5892439"}],"wp:term":[{"taxonomy":"product_brand","embeddable":true,"href":"https:\/\/theinvisiblecollection.com\/fr\/wp-json\/wp\/v2\/product_brand?post=5892439"},{"taxonomy":"product_cat","embeddable":true,"href":"https:\/\/theinvisiblecollection.com\/fr\/wp-json\/wp\/v2\/product_cat?post=5892439"},{"taxonomy":"product_tag","embeddable":true,"href":"https:\/\/theinvisiblecollection.com\/fr\/wp-json\/wp\/v2\/product_tag?post=5892439"},{"taxonomy":"product_designer","embeddable":true,"href":"https:\/\/theinvisiblecollection.com\/fr\/wp-json\/wp\/v2\/product_designer?post=5892439"},{"taxonomy":"comfabric","embeddable":true,"href":"https:\/\/theinvisiblecollection.com\/fr\/wp-json\/wp\/v2\/comfabric?post=5892439"},{"taxonomy":"manufacturer","embeddable":true,"href":"https:\/\/theinvisiblecollection.com\/fr\/wp-json\/wp\/v2\/manufacturer?post=5892439"},{"taxonomy":"reporting_designer","embeddable":true,"href":"https:\/\/theinvisiblecollection.com\/fr\/wp-json\/wp\/v2\/reporting_designer?post=5892439"},{"taxonomy":"samplecomfabric","embeddable":true,"href":"https:\/\/theinvisiblecollection.com\/fr\/wp-json\/wp\/v2\/samplecomfabric?post=5892439"},{"taxonomy":"clubroom_product_designer","embeddable":true,"href":"https:\/\/theinvisiblecollection.com\/fr\/wp-json\/wp\/v2\/designer_clubroom?post=5892439"}],"curies":[{"name":"wp","href":"https:\/\/api.w.org\/{rel}","templated":true}]}}