{"id":5903659,"date":"2026-04-28T09:08:40","date_gmt":"2026-04-28T09:08:40","guid":{"rendered":"https:\/\/theinvisiblecollection.com\/?post_type=product&#038;p=5903659"},"modified":"2026-05-01T07:37:02","modified_gmt":"2026-05-01T07:37:02","slug":"galerie-mcde-applique-rampe-trio","status":"publish","type":"product","link":"https:\/\/theinvisiblecollection.com\/fr\/produit\/galerie-mcde-applique-rampe-trio\/","title":{"rendered":"Applique Rampe Trio"},"content":{"rendered":"<div class=\"wpb_text_column wpb_content_element\">\n<div class=\"wpb_wrapper\">\n<p>L\u2019applique Rampe trio est une r\u00e9interpr\u00e9tation par le studio Biehler-Graveleine pour la galerie MCDE, qui rend hommage \u00e0 la rampe iconique de Pierre Chareau. Elle se d\u00e9cline en une s\u00e9rie de trois appliques modulables.<\/p>\n<\/div>\n<\/div>\n<p style=\"text-align: justify;\" data-start=\"498\" data-end=\"937\" data-is-last-node=\"\" data-is-only-node=\"\">R\u00e9alis\u00e9e avec une structure en m\u00e9tal et un panneau lumineux en alb\u00e2tre, l\u2019applique diffuse une lumi\u00e8re chaude et ambiante qui met en valeur la translucidit\u00e9 naturelle de la pierre. L\u2019alb\u00e2tre est disponible avec des veines brunes ou blanches, chaque pi\u00e8ce \u00e9tant subtilement unique et r\u00e9v\u00e9lant le caract\u00e8re naturel du mat\u00e9riau. En raison des qualit\u00e9s naturelles de l\u2019alb\u00e2tre, les teintes et les veinures peuvent varier d\u2019une pi\u00e8ce \u00e0 l\u2019autre.<\/p>\n","protected":false},"excerpt":{"rendered":"<p>Le studio Hauvette &amp; Madani r\u00e9interpr\u00e8te l&#8217;iconique de Pierre Chareau, re-\u00e9dit\u00e9e par Galerie MCDE<br \/>\nApplique compos\u00e9e de deux plaques d&#8217;alb\u00e2tre<br \/>\nStructure en m\u00e9tal peint noir<br \/>\nDisponible sur un fond m\u00e9tal noir<br \/>\nAlb\u00e2tre blanc vein\u00e9 blanc ou alb\u00e2tre blanc vein\u00e9 marron<br \/>\nPossible de l&#8217;\u00e9lectrifier pour l&#8217;Europe (220 V) et les \u00c9tats-Unis (110 V)<br \/>\n1x ampoule incandescente E 14 40W ou ampoule fluocompacte E 14 10W requise, non incluse<\/p>\n<p>L 29 x P 14 x H 18 cm<\/p>\n<p>Fabriqu\u00e9e \u00e0 la main en France<br \/>\nD\u00e9lais de production : 4 semaines<\/p>\n<p class=\"p1\"><span style=\"text-decoration: underline;\"><span class=\"s1\"><a href=\"https:\/\/www.theinvisiblecollection.com\/fr\/demande-de-devis\/?product_id=80163\" target=\"_blank\" rel=\"noopener\">Contactez-nous pour toute demande de devis ou de renseignements<\/a><\/span><\/span><\/p>\n","protected":false},"featured_media":5903690,"template":"","meta":{"_acf_changed":false,"content-type":"","_themeisle_gutenberg_block_has_review":false},"product_brand":[],"product_cat":[8975,12507],"product_tag":[22682,22683,9048,9200,10400,11235,22680,22681],"product_designer":[13455,24471],"comfabric":[],"manufacturer":[20718],"reporting_designer":[],"samplecomfabric":[],"designer_clubroom":[],"class_list":{"0":"post-5903659","1":"product","2":"type-product","3":"status-publish","4":"has-post-thumbnail","6":"product_cat-appliques-murales","7":"product_cat-luminaires","8":"product_tag-galerie-mcde-fr","9":"product_tag-mouche-fr","10":"product_tag-lampe","11":"product_tag-luminaire-fr-2","12":"product_tag-pierre-chareau-fr","13":"product_tag-reedition-fr-fr","14":"product_tag-applique-murale-fr","15":"product_tag-applique-fr-2","16":"product_designer-galerie-mcde-fr","17":"product_designer-biehler-graveleine-fr","18":"manufacturer-manufacture-zanzibar-fr","20":"first","21":"instock","22":"taxable","23":"shipping-taxable","24":"purchasable","25":"product-type-variable"},"acf":[],"_links":{"self":[{"href":"https:\/\/theinvisiblecollection.com\/fr\/wp-json\/wp\/v2\/product\/5903659","targetHints":{"allow":["GET"]}}],"collection":[{"href":"https:\/\/theinvisiblecollection.com\/fr\/wp-json\/wp\/v2\/product"}],"about":[{"href":"https:\/\/theinvisiblecollection.com\/fr\/wp-json\/wp\/v2\/types\/product"}],"wp:featuredmedia":[{"embeddable":true,"href":"https:\/\/theinvisiblecollection.com\/fr\/wp-json\/wp\/v2\/media\/5903690"}],"wp:attachment":[{"href":"https:\/\/theinvisiblecollection.com\/fr\/wp-json\/wp\/v2\/media?parent=5903659"}],"wp:term":[{"taxonomy":"product_brand","embeddable":true,"href":"https:\/\/theinvisiblecollection.com\/fr\/wp-json\/wp\/v2\/product_brand?post=5903659"},{"taxonomy":"product_cat","embeddable":true,"href":"https:\/\/theinvisiblecollection.com\/fr\/wp-json\/wp\/v2\/product_cat?post=5903659"},{"taxonomy":"product_tag","embeddable":true,"href":"https:\/\/theinvisiblecollection.com\/fr\/wp-json\/wp\/v2\/product_tag?post=5903659"},{"taxonomy":"product_designer","embeddable":true,"href":"https:\/\/theinvisiblecollection.com\/fr\/wp-json\/wp\/v2\/product_designer?post=5903659"},{"taxonomy":"comfabric","embeddable":true,"href":"https:\/\/theinvisiblecollection.com\/fr\/wp-json\/wp\/v2\/comfabric?post=5903659"},{"taxonomy":"manufacturer","embeddable":true,"href":"https:\/\/theinvisiblecollection.com\/fr\/wp-json\/wp\/v2\/manufacturer?post=5903659"},{"taxonomy":"reporting_designer","embeddable":true,"href":"https:\/\/theinvisiblecollection.com\/fr\/wp-json\/wp\/v2\/reporting_designer?post=5903659"},{"taxonomy":"samplecomfabric","embeddable":true,"href":"https:\/\/theinvisiblecollection.com\/fr\/wp-json\/wp\/v2\/samplecomfabric?post=5903659"},{"taxonomy":"clubroom_product_designer","embeddable":true,"href":"https:\/\/theinvisiblecollection.com\/fr\/wp-json\/wp\/v2\/designer_clubroom?post=5903659"}],"curies":[{"name":"wp","href":"https:\/\/api.w.org\/{rel}","templated":true}]}}