{"id":66815,"date":"2020-01-04T19:38:21","date_gmt":"2020-01-04T18:38:21","guid":{"rendered":"https:\/\/theinvisiblecollection.com\/?post_type=product&#038;p=66815"},"modified":"2026-05-01T07:39:24","modified_gmt":"2026-05-01T07:39:24","slug":"pinto-paris-liseuse-faros","status":"publish","type":"product","link":"https:\/\/theinvisiblecollection.com\/fr\/produit\/pinto-paris-liseuse-faros\/","title":{"rendered":"Liseuse Faros"},"content":{"rendered":"<p style=\"text-align: justify;\">Sculpturale et \u00e9pur\u00e9e, la lampe Faros \u00e9voque un phare de l\u00e9gende et int\u00e8gre \u00e0 ce titre la collection Archea. Une tour de bronze traverse le cylindre textur\u00e9 d\u2019un abat-jour cercl\u00e9 de laiton. Par groupe de trois, en couple ou seule, chaque pi\u00e8ce est unique par sa patine et ses effets d\u2019oxydation. Nuances infinies et rares de verts, de rouille, de bruns ou de jaunes, le bronze rev\u00eat des couleurs v\u00e9g\u00e9tales. Faros se d\u00e9cline en trois tailles : la lampe \u00e0 poser, le lampadaire liseuse (bout de canap\u00e9), le lampadaire classique.<\/p>\n","protected":false},"excerpt":{"rendered":"<p>Lampe en bronze patin\u00e9 avec effets d\u2019oxydation, pi\u00e8ces uniques<br \/>\nAbat jour en acrylique textur\u00e9, cerclage m\u00e9tal<br \/>\nQuatre couleurs : brun, vert, rouge et jaune<br \/>\nAmpoule non incluse (E26 ou E27), max 60W, dimmable, certifi\u00e9e UL<br \/>\nC\u00e2ble en tissu noir, peut \u00eatre \u00e9lectrifi\u00e9e pour tous les pays<br \/>\nAbat-jour fourni<br \/>\nConvient pour une utilisation en salle de bain (IP20)<\/p>\n<p>\u00d8 50 x H 140 cm<\/p>\n<p>Fabriqu\u00e9 \u00e0 la main en France<br \/>\nD\u00e9lais de fabrication : 10 \u2013 12 semaines<\/p>\n<p class=\"p1\"><span style=\"text-decoration: underline;\"><span class=\"s1\"><a href=\"https:\/\/www.theinvisiblecollection.com\/fr\/demande-de-devis\/?product_id=66815\">Contactez-nous pour toute demande de devis ou de renseignements<\/a><\/span><\/span><\/p>\n","protected":false},"featured_media":67074,"template":"","meta":{"_acf_changed":false,"content-type":"","_themeisle_gutenberg_block_has_review":false},"product_brand":[],"product_cat":[8966,12507],"product_tag":[12072,12278,8993,9038,9048,9200,10255],"product_designer":[12292],"comfabric":[],"manufacturer":[37047],"reporting_designer":[37187],"samplecomfabric":[],"designer_clubroom":[],"class_list":{"0":"post-66815","1":"product","2":"type-product","3":"status-publish","4":"has-post-thumbnail","6":"product_cat-lampes-sur-pied","7":"product_cat-luminaires","8":"product_tag-pinto-paris-fr","9":"product_tag-lampe-de-chevet","10":"product_tag-salon","11":"product_tag-lampadaire","12":"product_tag-lampe","13":"product_tag-luminaire-fr-2","14":"product_tag-salon-fr-4","15":"product_designer-pinto-fr","16":"manufacturer-pinto-esi-louvres-fr","17":"reporting_designer-pinto","19":"first","20":"instock","21":"taxable","22":"shipping-taxable","23":"purchasable","24":"product-type-variable"},"acf":[],"_links":{"self":[{"href":"https:\/\/theinvisiblecollection.com\/fr\/wp-json\/wp\/v2\/product\/66815","targetHints":{"allow":["GET"]}}],"collection":[{"href":"https:\/\/theinvisiblecollection.com\/fr\/wp-json\/wp\/v2\/product"}],"about":[{"href":"https:\/\/theinvisiblecollection.com\/fr\/wp-json\/wp\/v2\/types\/product"}],"wp:featuredmedia":[{"embeddable":true,"href":"https:\/\/theinvisiblecollection.com\/fr\/wp-json\/wp\/v2\/media\/67074"}],"wp:attachment":[{"href":"https:\/\/theinvisiblecollection.com\/fr\/wp-json\/wp\/v2\/media?parent=66815"}],"wp:term":[{"taxonomy":"product_brand","embeddable":true,"href":"https:\/\/theinvisiblecollection.com\/fr\/wp-json\/wp\/v2\/product_brand?post=66815"},{"taxonomy":"product_cat","embeddable":true,"href":"https:\/\/theinvisiblecollection.com\/fr\/wp-json\/wp\/v2\/product_cat?post=66815"},{"taxonomy":"product_tag","embeddable":true,"href":"https:\/\/theinvisiblecollection.com\/fr\/wp-json\/wp\/v2\/product_tag?post=66815"},{"taxonomy":"product_designer","embeddable":true,"href":"https:\/\/theinvisiblecollection.com\/fr\/wp-json\/wp\/v2\/product_designer?post=66815"},{"taxonomy":"comfabric","embeddable":true,"href":"https:\/\/theinvisiblecollection.com\/fr\/wp-json\/wp\/v2\/comfabric?post=66815"},{"taxonomy":"manufacturer","embeddable":true,"href":"https:\/\/theinvisiblecollection.com\/fr\/wp-json\/wp\/v2\/manufacturer?post=66815"},{"taxonomy":"reporting_designer","embeddable":true,"href":"https:\/\/theinvisiblecollection.com\/fr\/wp-json\/wp\/v2\/reporting_designer?post=66815"},{"taxonomy":"samplecomfabric","embeddable":true,"href":"https:\/\/theinvisiblecollection.com\/fr\/wp-json\/wp\/v2\/samplecomfabric?post=66815"},{"taxonomy":"clubroom_product_designer","embeddable":true,"href":"https:\/\/theinvisiblecollection.com\/fr\/wp-json\/wp\/v2\/designer_clubroom?post=66815"}],"curies":[{"name":"wp","href":"https:\/\/api.w.org\/{rel}","templated":true}]}}