{"id":71625,"date":"2021-02-03T23:14:12","date_gmt":"2021-02-03T22:14:12","guid":{"rendered":"https:\/\/theinvisiblecollection.com\/?post_type=product&#038;p=71625"},"modified":"2026-05-01T07:39:22","modified_gmt":"2026-05-01T07:39:22","slug":"french-cliche-amphore-saint-malo","status":"publish","type":"product","link":"https:\/\/theinvisiblecollection.com\/fr\/produit\/french-cliche-amphore-saint-malo\/","title":{"rendered":"Amphore Saint-Malo"},"content":{"rendered":"<p style=\"text-align: justify;\">Dans la culture Fran\u00e7aise, La Mer est chant\u00e9e, film\u00e9e, illustr\u00e9e. Pour French Clich\u00e9 l\u2019Atelier Baptiste &amp; Ja\u00efna met le cap au bord de l\u2019eau et fait escale sur le littoral fran\u00e7ais, de la Normandie \u00e0 la C\u00f4te d\u2019Azur en passant par la Bretagne. Soleil, sable, bateaux, cordages et bou\u00e9es de mouillage plantent le d\u00e9cor d\u2019une collection de vase en c\u00e9ramique. Chaque vase est une composition, un bouquet de bou\u00e9es li\u00e9es par des cordages. A ces formes et couleurs se superposent des r\u00e9f\u00e9rences culturelles, musicales, cin\u00e9matographiques\u2026 en souvenir ou projection d\u2019une escapade les pieds dans l\u2019eau. L\u2019exposition French Clich\u00e9 voyagera d\u2019un point \u00e0 un autre, la symbolique des bateaux s\u2019amarrent \u00e0 un port, une marina illustr\u00e9e par les vases bou\u00e9es interpr\u00e8te cette id\u00e9e. Les vases Belle \u00eele et Saint-Malo de l\u2019Atelier Baptiste et Ja\u00efna sont r\u00e9alis\u00e9s dans leur atelier \u00e0 4 mains. Les diff\u00e9rents \u00e9l\u00e9ments composant les vases jouent de contrastes de couleurs et textures. Les pi\u00e8ces centrales \u00e9maill\u00e9es brillant c\u00f4toient des bou\u00e9es \u00e0 la surface textur\u00e9, clin d\u2019\u0153il au travail du duo qu\u2019on retrouve sur deux de leurs pi\u00e8ces appartenant aujourd\u2019hui \u00e0 des collections permanentes de mus\u00e9es (Vestiges prim\u00e9e \u00e0 la Biennale Internationale de Vallauris 2019 , mus\u00e9e de la c\u00e9ramique de Vallauris et Lichen, mus\u00e9e de la c\u00e9ramique de Carouge en Suisse).<\/p>\n","protected":false},"excerpt":{"rendered":"<p>30 pi\u00e8ces<br \/>\nCon\u00e7ue par Atelier Baptiste &amp; Ja\u00efna<br \/>\nVase en c\u00e9ramique \u00e9maill\u00e9e<\/p>\n<p>L 58 x H 40 cm<\/p>\n<p><span class=\"s1\">Fabriqu\u00e9 a la main en France<br \/>\n<\/span><span class=\"s1\">D\u00e9lais de production : 10 semaines<\/span><\/p>\n<p><span style=\"text-decoration: underline;\"><a href=\"https:\/\/www.theinvisiblecollection.com\/fr\/demande-de-devis\/?product_id=71625\">Contactez-nous pour toute demande de devis ou de renseignements<\/a><\/span><\/p>\n","protected":false},"featured_media":71313,"template":"","meta":{"_acf_changed":false,"content-type":"","_themeisle_gutenberg_block_has_review":false},"product_brand":[],"product_cat":[7517,12531,12537],"product_tag":[],"product_designer":[12327],"comfabric":[],"manufacturer":[22105],"reporting_designer":[37459],"samplecomfabric":[],"designer_clubroom":[],"class_list":{"0":"post-71625","1":"product","2":"type-product","3":"status-publish","4":"has-post-thumbnail","6":"product_cat-deco-fr","7":"product_cat-objets-de-decoration","8":"product_cat-vases","9":"product_designer-french-cliche-fr","10":"manufacturer-french-clich-atelier-2-fr","11":"reporting_designer-french-cliche","13":"first","14":"instock","15":"taxable","16":"shipping-taxable","17":"purchasable","18":"product-type-simple"},"acf":[],"_links":{"self":[{"href":"https:\/\/theinvisiblecollection.com\/fr\/wp-json\/wp\/v2\/product\/71625","targetHints":{"allow":["GET"]}}],"collection":[{"href":"https:\/\/theinvisiblecollection.com\/fr\/wp-json\/wp\/v2\/product"}],"about":[{"href":"https:\/\/theinvisiblecollection.com\/fr\/wp-json\/wp\/v2\/types\/product"}],"wp:featuredmedia":[{"embeddable":true,"href":"https:\/\/theinvisiblecollection.com\/fr\/wp-json\/wp\/v2\/media\/71313"}],"wp:attachment":[{"href":"https:\/\/theinvisiblecollection.com\/fr\/wp-json\/wp\/v2\/media?parent=71625"}],"wp:term":[{"taxonomy":"product_brand","embeddable":true,"href":"https:\/\/theinvisiblecollection.com\/fr\/wp-json\/wp\/v2\/product_brand?post=71625"},{"taxonomy":"product_cat","embeddable":true,"href":"https:\/\/theinvisiblecollection.com\/fr\/wp-json\/wp\/v2\/product_cat?post=71625"},{"taxonomy":"product_tag","embeddable":true,"href":"https:\/\/theinvisiblecollection.com\/fr\/wp-json\/wp\/v2\/product_tag?post=71625"},{"taxonomy":"product_designer","embeddable":true,"href":"https:\/\/theinvisiblecollection.com\/fr\/wp-json\/wp\/v2\/product_designer?post=71625"},{"taxonomy":"comfabric","embeddable":true,"href":"https:\/\/theinvisiblecollection.com\/fr\/wp-json\/wp\/v2\/comfabric?post=71625"},{"taxonomy":"manufacturer","embeddable":true,"href":"https:\/\/theinvisiblecollection.com\/fr\/wp-json\/wp\/v2\/manufacturer?post=71625"},{"taxonomy":"reporting_designer","embeddable":true,"href":"https:\/\/theinvisiblecollection.com\/fr\/wp-json\/wp\/v2\/reporting_designer?post=71625"},{"taxonomy":"samplecomfabric","embeddable":true,"href":"https:\/\/theinvisiblecollection.com\/fr\/wp-json\/wp\/v2\/samplecomfabric?post=71625"},{"taxonomy":"clubroom_product_designer","embeddable":true,"href":"https:\/\/theinvisiblecollection.com\/fr\/wp-json\/wp\/v2\/designer_clubroom?post=71625"}],"curies":[{"name":"wp","href":"https:\/\/api.w.org\/{rel}","templated":true}]}}