{"id":80162,"date":"2021-12-09T11:00:46","date_gmt":"2021-12-09T10:00:46","guid":{"rendered":"https:\/\/theinvisiblecollection.com\/?post_type=product&#038;p=80162"},"modified":"2026-05-01T07:39:19","modified_gmt":"2026-05-01T07:39:19","slug":"galerie-mcde-pierre-chareau-applique-double-bloc-auvent","status":"publish","type":"product","link":"https:\/\/theinvisiblecollection.com\/fr\/produit\/galerie-mcde-pierre-chareau-applique-double-bloc-auvent\/","title":{"rendered":"Applique Double Bloc Auvent"},"content":{"rendered":"<p style=\"text-align: justify;\">Cr\u00e9\u00e9e en 1923, l&#8217;Applique Double Bloc Auvent pr\u00e9sente \u00e0 la fois une g\u00e9om\u00e9trie rigoureuse et un volume simple permettant de r\u00e9v\u00e9ler la nature min\u00e9rale de l\u2019alb\u00e2tre et le choix minimaliste de Pierre Chareau renforc\u00e9 par l\u2019opposition m\u00e9tal (noir) et alb\u00e2tre (blanc).<\/p>\n","protected":false},"excerpt":{"rendered":"<p>Con\u00e7ue par Pierre Chareau, re-\u00e9dit\u00e9e par Galerie MCDE<br \/>\nApplique compos\u00e9e de deux blocs\u00a0d&#8217;alb\u00e2tre<br \/>\nStructure en m\u00e9tal peint noir<br \/>\nDisponible sur un fond m\u00e9tal noir<br \/>\nAlb\u00e2tre blanc vein\u00e9 blanc ou alb\u00e2tre blanc vein\u00e9 marron<br \/>\nPossible de l&#8217;\u00e9lectrifier pour l&#8217;Europe (230 V) et les \u00c9tats-Unis (110 V)<br \/>\n<span class=\"notion-enable-hover\" data-token-index=\"0\">DBA 109 \/ DBA 109 A: 2 x ampoules incandescentes E 14 40W ou ampoules fluocompactes E 14 10W requises, non incluses<br \/>\nDBA 113 \/ DBA 114A : 4 x ampoules incandescentes E 14 25W ou\u00a0ampoules fluocompactes E 14 7W requises, non incluses<br \/>\nDBA 115 \/ DBA 115A : 4 x ampoules incandescentes E 14 40W ou\u00a0ampoules fluocompactes E 14 10W requises, non incluses<\/span><\/p>\n<p>Dimensions disponibles :<br \/>\n<span style=\"text-decoration: underline;\">Sans fond m\u00e9tallique<\/span><br \/>\nDBA 109 : L 14.5 x l 10 x H 27 cm<br \/>\nDBA 113 : L 18.5 x l 11 x H 31 cm<br \/>\nDBA 115 : L 23 x l 14 x H 44\u00a0 cm<br \/>\n<span style=\"text-decoration: underline;\">Avec fond m\u00e9tallique<\/span><br \/>\nDBA 109A : L 18.5 x l 11 x H 35 cm<br \/>\nDBA 114A : L 22,5 x l 12 x H 38 cm<br \/>\nDBA 115A : L 29 x l 15.5 x H 52 cm<\/p>\n<p>Fabriqu\u00e9e \u00e0 la main en France<br \/>\nD\u00e9lais de production : 4 semaines<\/p>\n<p class=\"p1\"><span style=\"text-decoration: underline;\"><span class=\"s1\"><a href=\"https:\/\/www.theinvisiblecollection.com\/fr\/demande-de-devis\/?product_id=80162\" target=\"_blank\" rel=\"noopener\">Contactez-nous pour toute demande de devis ou de renseignements<\/a><\/span><\/span><\/p>\n","protected":false},"featured_media":5375325,"template":"","meta":{"_acf_changed":false,"content-type":"","_themeisle_gutenberg_block_has_review":false},"product_brand":[],"product_cat":[12507,8975],"product_tag":[9200,10400,11235,14925,22680,22681,22682,22683,22790,31474,9048],"product_designer":[13455,10239],"comfabric":[],"manufacturer":[20718],"reporting_designer":[37390,37285],"samplecomfabric":[],"designer_clubroom":[],"class_list":{"0":"post-80162","1":"product","2":"type-product","3":"status-publish","4":"has-post-thumbnail","6":"product_cat-luminaires","7":"product_cat-appliques-murales","8":"product_tag-luminaire-fr-2","9":"product_tag-pierre-chareau-fr","10":"product_tag-reedition-fr-fr","11":"product_tag-hpfav-fr","12":"product_tag-applique-murale-fr","13":"product_tag-applique-fr-2","14":"product_tag-galerie-mcde-fr","15":"product_tag-mouche-fr","16":"product_tag-disponible-immediatement","17":"product_tag-co-white-fr","18":"product_tag-lampe","19":"pa_size-grand-dba-115","20":"pa_size-moyen-dba-113","21":"pa_size-petit-dba-109","22":"product_designer-galerie-mcde-fr","23":"product_designer-pierre-chareau-fr","24":"manufacturer-manufacture-zanzibar-fr","25":"reporting_designer-pierre-chareau","26":"reporting_designer-galerie-mcde","27":"exhibitions-paris-fr","29":"first","30":"instock","31":"taxable","32":"shipping-taxable","33":"purchasable","34":"product-type-variable"},"acf":[],"_links":{"self":[{"href":"https:\/\/theinvisiblecollection.com\/fr\/wp-json\/wp\/v2\/product\/80162","targetHints":{"allow":["GET"]}}],"collection":[{"href":"https:\/\/theinvisiblecollection.com\/fr\/wp-json\/wp\/v2\/product"}],"about":[{"href":"https:\/\/theinvisiblecollection.com\/fr\/wp-json\/wp\/v2\/types\/product"}],"wp:featuredmedia":[{"embeddable":true,"href":"https:\/\/theinvisiblecollection.com\/fr\/wp-json\/wp\/v2\/media\/5375325"}],"wp:attachment":[{"href":"https:\/\/theinvisiblecollection.com\/fr\/wp-json\/wp\/v2\/media?parent=80162"}],"wp:term":[{"taxonomy":"product_brand","embeddable":true,"href":"https:\/\/theinvisiblecollection.com\/fr\/wp-json\/wp\/v2\/product_brand?post=80162"},{"taxonomy":"product_cat","embeddable":true,"href":"https:\/\/theinvisiblecollection.com\/fr\/wp-json\/wp\/v2\/product_cat?post=80162"},{"taxonomy":"product_tag","embeddable":true,"href":"https:\/\/theinvisiblecollection.com\/fr\/wp-json\/wp\/v2\/product_tag?post=80162"},{"taxonomy":"product_designer","embeddable":true,"href":"https:\/\/theinvisiblecollection.com\/fr\/wp-json\/wp\/v2\/product_designer?post=80162"},{"taxonomy":"comfabric","embeddable":true,"href":"https:\/\/theinvisiblecollection.com\/fr\/wp-json\/wp\/v2\/comfabric?post=80162"},{"taxonomy":"manufacturer","embeddable":true,"href":"https:\/\/theinvisiblecollection.com\/fr\/wp-json\/wp\/v2\/manufacturer?post=80162"},{"taxonomy":"reporting_designer","embeddable":true,"href":"https:\/\/theinvisiblecollection.com\/fr\/wp-json\/wp\/v2\/reporting_designer?post=80162"},{"taxonomy":"samplecomfabric","embeddable":true,"href":"https:\/\/theinvisiblecollection.com\/fr\/wp-json\/wp\/v2\/samplecomfabric?post=80162"},{"taxonomy":"clubroom_product_designer","embeddable":true,"href":"https:\/\/theinvisiblecollection.com\/fr\/wp-json\/wp\/v2\/designer_clubroom?post=80162"}],"curies":[{"name":"wp","href":"https:\/\/api.w.org\/{rel}","templated":true}]}}